{"id":41534,"date":"2024-01-23T14:18:15","date_gmt":"2024-01-23T13:18:15","guid":{"rendered":"https:\/\/www.wallix.com\/redaccion\/"},"modified":"2026-01-07T16:40:38","modified_gmt":"2026-01-07T15:40:38","slug":"redaccion","status":"publish","type":"page","link":"https:\/\/www.wallix.com\/es\/empresa\/redaccion\/","title":{"rendered":"Redacci\u00f3n"},"content":{"rendered":"\n<style type=\"text\/css\" data-created_by=\"avia_inline_auto\" id=\"style-css-av-a3jh0yc-11fc302984e70b098e0072425f8dfdc1\">\n.avia-section.av-a3jh0yc-11fc302984e70b098e0072425f8dfdc1 .av-section-color-overlay{\nopacity:0.7;\nbackground-color:#1e91ad;\n}\n<\/style>\n<div id='av_section_1'  class='avia-section av-a3jh0yc-11fc302984e70b098e0072425f8dfdc1 main_color avia-section-huge avia-no-border-styling  avia-builder-el-0  el_before_av_two_third  avia-builder-el-first  avia-bg-style-parallax av-section-color-overlay-active av-minimum-height av-minimum-height-50 av-height-50  container_wrap fullsize'   data-av_minimum_height_pc='50' data-av_min_height_opt='50'><div class=\"av-section-color-overlay-wrap\"><div class=\"av-section-color-overlay\"><\/div><a href='#next-section' title='' class='scroll-down-link  avia-svg-icon avia-font-svg_entypo-fontello' data-av_svg_icon='down-open-mini' data-av_iconset='svg_entypo-fontello'><svg version=\"1.1\" xmlns=\"http:\/\/www.w3.org\/2000\/svg\" width=\"15\" height=\"32\" viewBox=\"0 0 15 32\" preserveAspectRatio=\"xMidYMid meet\" aria-labelledby='av-svg-title-1' aria-describedby='av-svg-desc-1' role=\"graphics-symbol\" aria-hidden=\"true\">\n<title id='av-svg-title-1'>Scroll to next section<\/title>\n<desc id='av-svg-desc-1'>Scroll to next section<\/desc>\n<path d=\"M12.96 12.16q0.704-0.832 1.536 0 0.832 0.704 0 1.536l-6.272 6.144q-0.704 0.704-1.536 0l-6.272-6.144q-0.832-0.832 0-1.536 0.768-0.768 1.6 0l5.44 4.992z\"><\/path>\n<\/svg><\/a><div class='container av-section-cont-open' ><main  role=\"main\" itemprop=\"mainContentOfPage\"  class='template-page content  av-content-full alpha units'><div class='post-entry post-entry-type-page post-entry-41534'><div class='entry-content-wrapper clearfix'>\n<div  class='flex_column av-9dzqln8-971e58aa2686df59693db76e161bc97f av_one_fifth  avia-builder-el-1  el_before_av_three_fifth  avia-builder-el-first  first flex_column_div  '     ><\/div><div  class='flex_column av-ww3i9g-eba2cb1bedccf0044dab303045f42b77 av_three_fifth  avia-builder-el-2  el_after_av_one_fifth  el_before_av_one_fifth  flex_column_div  '     ><p>\n<style type=\"text\/css\" data-created_by=\"avia_inline_auto\" id=\"style-css-av-8hsq2b8-601125a1cabfc638a0edb3d34fe1141e\">\n#top .av-special-heading.av-8hsq2b8-601125a1cabfc638a0edb3d34fe1141e{\npadding-bottom:10px;\ncolor:#ffffff;\nfont-size:40px;\n}\nbody .av-special-heading.av-8hsq2b8-601125a1cabfc638a0edb3d34fe1141e .av-special-heading-tag .heading-char{\nfont-size:25px;\n}\n#top #wrap_all .av-special-heading.av-8hsq2b8-601125a1cabfc638a0edb3d34fe1141e .av-special-heading-tag{\nfont-size:40px;\n}\n.av-special-heading.av-8hsq2b8-601125a1cabfc638a0edb3d34fe1141e .special-heading-inner-border{\nborder-color:#ffffff;\n}\n.av-special-heading.av-8hsq2b8-601125a1cabfc638a0edb3d34fe1141e .av-subheading{\nfont-size:15px;\n}\n\n@media only screen and (min-width: 480px) and (max-width: 767px){ \n#top #wrap_all .av-special-heading.av-8hsq2b8-601125a1cabfc638a0edb3d34fe1141e .av-special-heading-tag{\nfont-size:0.8em;\n}\n}\n\n@media only screen and (max-width: 479px){ \n#top #wrap_all .av-special-heading.av-8hsq2b8-601125a1cabfc638a0edb3d34fe1141e .av-special-heading-tag{\nfont-size:0.8em;\n}\n}\n<\/style>\n<div  class='av-special-heading av-8hsq2b8-601125a1cabfc638a0edb3d34fe1141e av-special-heading-h1 custom-color-heading blockquote modern-quote modern-centered  avia-builder-el-3  el_before_av_hr  avia-builder-el-first  av-thin-font av-inherit-size'><h1 class='av-special-heading-tag '  itemprop=\"headline\"  >SALA DE PRENSA<br \/>\nMantente informado: <strong>Nuestras \u00faltimas noticias<\/strong><\/h1><div class=\"special-heading-border\"><div class=\"special-heading-inner-border\"><\/div><\/div><\/div><br \/>\n\n<style type=\"text\/css\" data-created_by=\"avia_inline_auto\" id=\"style-css-av-scb5qs-4d69a25c5d28940c90102b97eda2626e\">\n#top .hr.av-scb5qs-4d69a25c5d28940c90102b97eda2626e{\nmargin-top:40px;\nmargin-bottom:40px;\n}\n.hr.av-scb5qs-4d69a25c5d28940c90102b97eda2626e .hr-inner{\nwidth:50px;\nborder-color:#ffffff;\n}\n<\/style>\n<div  class='hr av-scb5qs-4d69a25c5d28940c90102b97eda2626e hr-custom  avia-builder-el-4  el_after_av_heading  avia-builder-el-last  hr-center hr-icon-no'><span class='hr-inner inner-border-av-border-fat'><span class=\"hr-inner-style\"><\/span><\/span><\/div><\/p><\/div><div  class='flex_column av-7n67kac-84959087859222f1be9f2e255eb23089 av_one_fifth  avia-builder-el-5  el_after_av_three_fifth  avia-builder-el-last  flex_column_div  '     ><\/div>\n<\/div><\/div><\/main><!-- close content main element --><\/div><\/div><\/div><div id='after_section_1'  class='main_color av_default_container_wrap container_wrap fullsize'  ><div class='container av-section-cont-open' ><div class='template-page content  av-content-full alpha units'><div class='post-entry post-entry-type-page post-entry-41534'><div class='entry-content-wrapper clearfix'>\n<div  class='flex_column av-qajjw4-c4b67d90d0d00d20a2bde7607dc48402 av_two_third  avia-builder-el-6  el_after_av_section  el_before_av_one_third  avia-builder-el-first  first flex_column_div  '     ><p>\n<style type=\"text\/css\" data-created_by=\"avia_inline_auto\" id=\"style-css-av-lqnoe3k8-eb497c29da5dd76cc17bd575b0205473\">\n#top .av-special-heading.av-lqnoe3k8-eb497c29da5dd76cc17bd575b0205473{\npadding-bottom:10px;\n}\nbody .av-special-heading.av-lqnoe3k8-eb497c29da5dd76cc17bd575b0205473 .av-special-heading-tag .heading-char{\nfont-size:25px;\n}\n.av-special-heading.av-lqnoe3k8-eb497c29da5dd76cc17bd575b0205473 .av-subheading{\nfont-size:15px;\n}\n<\/style>\n<div  class='av-special-heading av-lqnoe3k8-eb497c29da5dd76cc17bd575b0205473 av-special-heading-h1  avia-builder-el-7  el_before_av_heading  avia-builder-el-first '><h1 class='av-special-heading-tag '  itemprop=\"headline\"  >Comunicados de prensa<\/h1><div class=\"special-heading-border\"><div class=\"special-heading-inner-border\"><\/div><\/div><\/div><br \/>\n\n<style type=\"text\/css\" data-created_by=\"avia_inline_auto\" id=\"style-css-av-vk3ywk-1c4e227a353bd17e5fda2eae8894ecb1\">\n#top .av-special-heading.av-vk3ywk-1c4e227a353bd17e5fda2eae8894ecb1{\npadding-bottom:10px;\n}\nbody .av-special-heading.av-vk3ywk-1c4e227a353bd17e5fda2eae8894ecb1 .av-special-heading-tag .heading-char{\nfont-size:25px;\n}\n.av-special-heading.av-vk3ywk-1c4e227a353bd17e5fda2eae8894ecb1 .av-subheading{\nfont-size:15px;\n}\n<\/style>\n<div  class='av-special-heading av-vk3ywk-1c4e227a353bd17e5fda2eae8894ecb1 av-special-heading-h2 blockquote modern-quote  avia-builder-el-8  el_after_av_heading  el_before_av_blog '><h2 class='av-special-heading-tag '  itemprop=\"headline\"  >2026<\/h2><div class=\"special-heading-border\"><div class=\"special-heading-inner-border\"><\/div><\/div><\/div><br \/>\n<div  class='av-alb-blogposts template-blog  '  itemscope=\"itemscope\" itemtype=\"https:\/\/schema.org\/Blog\" ><article class=\"post-entry post-entry-type-standard post-entry-83368 post-loop-1 post-parity-odd bloglist-simple with-slider post-83368 post type-post status-publish format-standard has-post-thumbnail hentry category-2573 category-prensa\"  itemscope=\"itemscope\" itemtype=\"https:\/\/schema.org\/BlogPosting\" ><div class=\"blog-meta\"><\/div><div class='entry-content-wrapper clearfix standard-content'><header class=\"entry-content-header\" aria-label=\"Post: WALLIX lanza una consola unificada para simplificar la gesti\u00f3n de la ciberseguridad y mejorar la eficiencia operativa\"><h2 class='post-title entry-title '  itemprop=\"headline\" ><a href=\"https:\/\/www.wallix.com\/es\/prensa\/wallix-lanza-una-consola-unificada-para-simplificar-la-gestion-de-la-ciberseguridad-y-mejorar-la-eficiencia-operativa\/\" rel=\"bookmark\" title=\"Enlace permanente: WALLIX lanza una consola unificada para simplificar la gesti\u00f3n de la ciberseguridad y mejorar la eficiencia operativa\">WALLIX lanza una consola unificada para simplificar la gesti\u00f3n de la ciberseguridad y mejorar la eficiencia operativa<span class=\"post-format-icon minor-meta\"><\/span><\/a><\/h2><span class=\"post-meta-infos\"><time class=\"date-container minor-meta updated\"  itemprop=\"datePublished\" datetime=\"2026-01-26T18:31:45+01:00\" >26 de enero de 2026<\/time><span class=\"text-sep\">\/<\/span><span class=\"blog-categories minor-meta\">en <a href=\"https:\/\/www.wallix.com\/es\/category\/prensa\/2026\/\" rel=\"tag\">2026<\/a>, <a href=\"https:\/\/www.wallix.com\/es\/category\/prensa\/\" rel=\"tag\">PRENSA<\/a><\/span><span class=\"text-sep\">\/<\/span><span class=\"blog-author minor-meta\">por <span class=\"entry-author-link\"  itemprop=\"author\" ><span class=\"author\"><span class=\"fn\"><a href=\"https:\/\/www.wallix.com\/es\/author\/alex\/\" title=\"Entradas de WALLIX\" rel=\"author\">WALLIX<\/a><\/span><\/span><\/span><\/span><div class=\"read-more-link\"><a href=\"https:\/\/www.wallix.com\/es\/prensa\/wallix-lanza-una-consola-unificada-para-simplificar-la-gestion-de-la-ciberseguridad-y-mejorar-la-eficiencia-operativa\/\" class=\"more-link\">Leer m\u00e1s<span class='more-link-arrow avia-svg-icon avia-font-svg_entypo-fontello' data-av_svg_icon='right-open-big' data-av_iconset='svg_entypo-fontello'><svg version=\"1.1\" xmlns=\"http:\/\/www.w3.org\/2000\/svg\" width=\"15\" height=\"32\" viewBox=\"0 0 15 32\" preserveAspectRatio=\"xMidYMid meet\" role=\"graphics-symbol\" aria-hidden=\"true\">\n<path d=\"M0.416 27.84l11.456-11.84-11.456-11.904q-0.832-0.832 0-1.536 0.832-0.832 1.536 0l12.544 12.608q0.768 0.832 0 1.6l-12.544 12.608q-0.704 0.832-1.536 0-0.832-0.704 0-1.536z\"><\/path>\n<\/svg><\/span><\/a><\/div><\/span><\/header><footer class=\"entry-footer\"><\/footer><div class='post_delimiter'><\/div><\/div><div class=\"post_author_timeline\"><\/div><span class='hidden'>\n\t\t\t\t<span class='av-structured-data'  itemprop=\"image\" itemscope=\"itemscope\" itemtype=\"https:\/\/schema.org\/ImageObject\" >\n\t\t\t\t\t\t<span itemprop='url'>https:\/\/www.wallix.com\/wp-content\/uploads\/2022\/12\/AdobeStock_429258682-copie-scaled.jpg<\/span>\n\t\t\t\t\t\t<span itemprop='height'>1097<\/span>\n\t\t\t\t\t\t<span itemprop='width'>2560<\/span>\n\t\t\t\t<\/span>\n\t\t\t\t<span class='av-structured-data'  itemprop=\"publisher\" itemtype=\"https:\/\/schema.org\/Organization\" itemscope=\"itemscope\" >\n\t\t\t\t\t\t<span itemprop='name'>WALLIX<\/span>\n\t\t\t\t\t\t<span itemprop='logo' itemscope itemtype='https:\/\/schema.org\/ImageObject'>\n\t\t\t\t\t\t\t<span itemprop='url'>https:\/\/www.wallix.com\/wp-content\/uploads\/2023\/06\/wallx_2023_OK062023_blanc_OK.svg<\/span>\n\t\t\t\t\t\t<\/span>\n\t\t\t\t<\/span><span class='av-structured-data'  itemprop=\"author\" itemscope=\"itemscope\" itemtype=\"https:\/\/schema.org\/Person\" ><span itemprop='name'>WALLIX<\/span><\/span><span class='av-structured-data'  itemprop=\"datePublished\" datetime=\"2026-01-26T18:31:45+01:00\" >2026-01-26 18:31:45<\/span><span class='av-structured-data'  itemprop=\"dateModified\" itemtype=\"https:\/\/schema.org\/dateModified\" >2026-01-26 18:37:26<\/span><span class='av-structured-data'  itemprop=\"mainEntityOfPage\" itemtype=\"https:\/\/schema.org\/mainEntityOfPage\" ><span itemprop='name'>WALLIX lanza una consola unificada para simplificar la gesti\u00f3n de la ciberseguridad y mejorar la eficiencia operativa<\/span><\/span><\/span><\/article><article class=\"post-entry post-entry-type-standard post-entry-82858 post-loop-2 post-parity-even post-entry-last bloglist-simple with-slider post-82858 post type-post status-publish format-standard has-post-thumbnail hentry category-2573 category-prensa\"  itemscope=\"itemscope\" itemtype=\"https:\/\/schema.org\/BlogPosting\" ><div class=\"blog-meta\"><\/div><div class='entry-content-wrapper clearfix standard-content'><header class=\"entry-content-header\" aria-label=\"Post: WALLIX se anticipa a los cambios de la ciberseguridad con su visi\u00f3n tecnol\u00f3gica para 2026\"><h2 class='post-title entry-title '  itemprop=\"headline\" ><a href=\"https:\/\/www.wallix.com\/es\/prensa\/wallix-se-anticipa-a-los-cambios-de-la-ciberseguridad-con-su-vision-tecnologica-para-2026\/\" rel=\"bookmark\" title=\"Enlace permanente: WALLIX se anticipa a los cambios de la ciberseguridad con su visi\u00f3n tecnol\u00f3gica para 2026\">WALLIX se anticipa a los cambios de la ciberseguridad con su visi\u00f3n tecnol\u00f3gica para 2026<span class=\"post-format-icon minor-meta\"><\/span><\/a><\/h2><span class=\"post-meta-infos\"><time class=\"date-container minor-meta updated\"  itemprop=\"datePublished\" datetime=\"2026-01-08T07:36:55+01:00\" >8 de enero de 2026<\/time><span class=\"text-sep\">\/<\/span><span class=\"blog-categories minor-meta\">en <a href=\"https:\/\/www.wallix.com\/es\/category\/prensa\/2026\/\" rel=\"tag\">2026<\/a>, <a href=\"https:\/\/www.wallix.com\/es\/category\/prensa\/\" rel=\"tag\">PRENSA<\/a><\/span><span class=\"text-sep\">\/<\/span><span class=\"blog-author minor-meta\">por <span class=\"entry-author-link\"  itemprop=\"author\" ><span class=\"author\"><span class=\"fn\"><a href=\"https:\/\/www.wallix.com\/es\/author\/alex\/\" title=\"Entradas de WALLIX\" rel=\"author\">WALLIX<\/a><\/span><\/span><\/span><\/span><div class=\"read-more-link\"><a href=\"https:\/\/www.wallix.com\/es\/prensa\/wallix-se-anticipa-a-los-cambios-de-la-ciberseguridad-con-su-vision-tecnologica-para-2026\/\" class=\"more-link\">Leer m\u00e1s<span class='more-link-arrow avia-svg-icon avia-font-svg_entypo-fontello' data-av_svg_icon='right-open-big' data-av_iconset='svg_entypo-fontello'><svg version=\"1.1\" xmlns=\"http:\/\/www.w3.org\/2000\/svg\" width=\"15\" height=\"32\" viewBox=\"0 0 15 32\" preserveAspectRatio=\"xMidYMid meet\" role=\"graphics-symbol\" aria-hidden=\"true\">\n<path d=\"M0.416 27.84l11.456-11.84-11.456-11.904q-0.832-0.832 0-1.536 0.832-0.832 1.536 0l12.544 12.608q0.768 0.832 0 1.6l-12.544 12.608q-0.704 0.832-1.536 0-0.832-0.704 0-1.536z\"><\/path>\n<\/svg><\/span><\/a><\/div><\/span><\/header><footer class=\"entry-footer\"><\/footer><div class='post_delimiter'><\/div><\/div><div class=\"post_author_timeline\"><\/div><span class='hidden'>\n\t\t\t\t<span class='av-structured-data'  itemprop=\"image\" itemscope=\"itemscope\" itemtype=\"https:\/\/schema.org\/ImageObject\" >\n\t\t\t\t\t\t<span itemprop='url'>https:\/\/www.wallix.com\/wp-content\/uploads\/2022\/12\/AdobeStock_429258682-copie-scaled.jpg<\/span>\n\t\t\t\t\t\t<span itemprop='height'>1097<\/span>\n\t\t\t\t\t\t<span itemprop='width'>2560<\/span>\n\t\t\t\t<\/span>\n\t\t\t\t<span class='av-structured-data'  itemprop=\"publisher\" itemtype=\"https:\/\/schema.org\/Organization\" itemscope=\"itemscope\" >\n\t\t\t\t\t\t<span itemprop='name'>WALLIX<\/span>\n\t\t\t\t\t\t<span itemprop='logo' itemscope itemtype='https:\/\/schema.org\/ImageObject'>\n\t\t\t\t\t\t\t<span itemprop='url'>https:\/\/www.wallix.com\/wp-content\/uploads\/2023\/06\/wallx_2023_OK062023_blanc_OK.svg<\/span>\n\t\t\t\t\t\t<\/span>\n\t\t\t\t<\/span><span class='av-structured-data'  itemprop=\"author\" itemscope=\"itemscope\" itemtype=\"https:\/\/schema.org\/Person\" ><span itemprop='name'>WALLIX<\/span><\/span><span class='av-structured-data'  itemprop=\"datePublished\" datetime=\"2026-01-08T07:36:55+01:00\" >2026-01-08 07:36:55<\/span><span class='av-structured-data'  itemprop=\"dateModified\" itemtype=\"https:\/\/schema.org\/dateModified\" >2026-01-08 10:13:21<\/span><span class='av-structured-data'  itemprop=\"mainEntityOfPage\" itemtype=\"https:\/\/schema.org\/mainEntityOfPage\" ><span itemprop='name'>WALLIX se anticipa a los cambios de la ciberseguridad con su visi\u00f3n tecnol\u00f3gica para 2026<\/span><\/span><\/span><\/article><div class='bloglist-simple'><\/div><\/div><br \/>\n\n<style type=\"text\/css\" data-created_by=\"avia_inline_auto\" id=\"style-css-av-av_heading-c305b679c9ef28345301dd347637a1f3\">\n#top .av-special-heading.av-av_heading-c305b679c9ef28345301dd347637a1f3{\npadding-bottom:10px;\n}\nbody .av-special-heading.av-av_heading-c305b679c9ef28345301dd347637a1f3 .av-special-heading-tag .heading-char{\nfont-size:25px;\n}\n.av-special-heading.av-av_heading-c305b679c9ef28345301dd347637a1f3 .av-subheading{\nfont-size:15px;\n}\n<\/style>\n<div  class='av-special-heading av-av_heading-c305b679c9ef28345301dd347637a1f3 av-special-heading-h2 blockquote modern-quote'><h2 class='av-special-heading-tag '  itemprop=\"headline\"  >2025<\/h2><div class=\"special-heading-border\"><div class=\"special-heading-inner-border\"><\/div><\/div><\/div><br \/>\n<div  class='av-alb-blogposts template-blog  '  itemscope=\"itemscope\" itemtype=\"https:\/\/schema.org\/Blog\" ><article class=\"post-entry post-entry-type-standard post-entry-81266 post-loop-3 post-parity-odd bloglist-simple with-slider post-81266 post type-post status-publish format-standard has-post-thumbnail hentry category-2025-es category-prensa\"  itemscope=\"itemscope\" itemtype=\"https:\/\/schema.org\/BlogPosting\" ><div class=\"blog-meta\"><\/div><div class='entry-content-wrapper clearfix standard-content'><header class=\"entry-content-header\" aria-label=\"Post: WALLIX impulsa su estrategia de IA con la adquisici\u00f3n de la start-up Malizen\"><h2 class='post-title entry-title '  itemprop=\"headline\" ><a href=\"https:\/\/www.wallix.com\/es\/prensa\/wallix-impulsa-su-estrategia-de-ia-con-la-adquisicion-de-la-start-up-malizen\/\" rel=\"bookmark\" title=\"Enlace permanente: WALLIX impulsa su estrategia de IA con la adquisici\u00f3n de la start-up Malizen\">WALLIX impulsa su estrategia de IA con la adquisici\u00f3n de la start-up Malizen<span class=\"post-format-icon minor-meta\"><\/span><\/a><\/h2><span class=\"post-meta-infos\"><time class=\"date-container minor-meta updated\"  itemprop=\"datePublished\" datetime=\"2025-11-25T15:21:10+01:00\" >25 de noviembre de 2025<\/time><span class=\"text-sep\">\/<\/span><span class=\"blog-categories minor-meta\">en <a href=\"https:\/\/www.wallix.com\/es\/category\/prensa\/2025-es\/\" rel=\"tag\">2025<\/a>, <a href=\"https:\/\/www.wallix.com\/es\/category\/prensa\/\" rel=\"tag\">PRENSA<\/a><\/span><span class=\"text-sep\">\/<\/span><span class=\"blog-author minor-meta\">por <span class=\"entry-author-link\"  itemprop=\"author\" ><span class=\"author\"><span class=\"fn\"><a href=\"https:\/\/www.wallix.com\/es\/author\/alex\/\" title=\"Entradas de WALLIX\" rel=\"author\">WALLIX<\/a><\/span><\/span><\/span><\/span><div class=\"read-more-link\"><a href=\"https:\/\/www.wallix.com\/es\/prensa\/wallix-impulsa-su-estrategia-de-ia-con-la-adquisicion-de-la-start-up-malizen\/\" class=\"more-link\">Leer m\u00e1s<span class='more-link-arrow avia-svg-icon avia-font-svg_entypo-fontello' data-av_svg_icon='right-open-big' data-av_iconset='svg_entypo-fontello'><svg version=\"1.1\" xmlns=\"http:\/\/www.w3.org\/2000\/svg\" width=\"15\" height=\"32\" viewBox=\"0 0 15 32\" preserveAspectRatio=\"xMidYMid meet\" role=\"graphics-symbol\" aria-hidden=\"true\">\n<path d=\"M0.416 27.84l11.456-11.84-11.456-11.904q-0.832-0.832 0-1.536 0.832-0.832 1.536 0l12.544 12.608q0.768 0.832 0 1.6l-12.544 12.608q-0.704 0.832-1.536 0-0.832-0.704 0-1.536z\"><\/path>\n<\/svg><\/span><\/a><\/div><\/span><\/header><footer class=\"entry-footer\"><\/footer><div class='post_delimiter'><\/div><\/div><div class=\"post_author_timeline\"><\/div><span class='hidden'>\n\t\t\t\t<span class='av-structured-data'  itemprop=\"image\" itemscope=\"itemscope\" itemtype=\"https:\/\/schema.org\/ImageObject\" >\n\t\t\t\t\t\t<span itemprop='url'>https:\/\/www.wallix.com\/wp-content\/uploads\/2022\/12\/AdobeStock_429258682-copie-scaled.jpg<\/span>\n\t\t\t\t\t\t<span itemprop='height'>1097<\/span>\n\t\t\t\t\t\t<span itemprop='width'>2560<\/span>\n\t\t\t\t<\/span>\n\t\t\t\t<span class='av-structured-data'  itemprop=\"publisher\" itemtype=\"https:\/\/schema.org\/Organization\" itemscope=\"itemscope\" >\n\t\t\t\t\t\t<span itemprop='name'>WALLIX<\/span>\n\t\t\t\t\t\t<span itemprop='logo' itemscope itemtype='https:\/\/schema.org\/ImageObject'>\n\t\t\t\t\t\t\t<span itemprop='url'>https:\/\/www.wallix.com\/wp-content\/uploads\/2023\/06\/wallx_2023_OK062023_blanc_OK.svg<\/span>\n\t\t\t\t\t\t<\/span>\n\t\t\t\t<\/span><span class='av-structured-data'  itemprop=\"author\" itemscope=\"itemscope\" itemtype=\"https:\/\/schema.org\/Person\" ><span itemprop='name'>WALLIX<\/span><\/span><span class='av-structured-data'  itemprop=\"datePublished\" datetime=\"2025-11-25T15:21:10+01:00\" >2025-11-25 15:21:10<\/span><span class='av-structured-data'  itemprop=\"dateModified\" itemtype=\"https:\/\/schema.org\/dateModified\" >2025-11-27 16:24:23<\/span><span class='av-structured-data'  itemprop=\"mainEntityOfPage\" itemtype=\"https:\/\/schema.org\/mainEntityOfPage\" ><span itemprop='name'>WALLIX impulsa su estrategia de IA con la adquisici\u00f3n de la start-up Malizen<\/span><\/span><\/span><\/article><article class=\"post-entry post-entry-type-standard post-entry-79070 post-loop-4 post-parity-even bloglist-simple with-slider post-79070 post type-post status-publish format-standard has-post-thumbnail hentry category-2025-es category-prensa\"  itemscope=\"itemscope\" itemtype=\"https:\/\/schema.org\/BlogPosting\" ><div class=\"blog-meta\"><\/div><div class='entry-content-wrapper clearfix standard-content'><header class=\"entry-content-header\" aria-label=\"Post: WALLIX reconocido como \u00abVisionario\u00bb por tercer a\u00f1o consecutivo en el Magic Quadrant\u2122 2025 de Gartner\u00ae para soluciones de PAM\"><h2 class='post-title entry-title '  itemprop=\"headline\" ><a href=\"https:\/\/www.wallix.com\/es\/prensa\/wallix-reconocido-como-visionario-por-tercer-ano-consecutivo-en-el-magic-quadrant-2025-de-gartner-para-soluciones-de-pam\/\" rel=\"bookmark\" title=\"Enlace permanente: WALLIX reconocido como \u00abVisionario\u00bb por tercer a\u00f1o consecutivo en el Magic Quadrant\u2122 2025 de Gartner\u00ae para soluciones de PAM\">WALLIX reconocido como \u00abVisionario\u00bb por tercer a\u00f1o consecutivo en el Magic Quadrant\u2122 2025 de Gartner\u00ae para soluciones de PAM<span class=\"post-format-icon minor-meta\"><\/span><\/a><\/h2><span class=\"post-meta-infos\"><time class=\"date-container minor-meta updated\"  itemprop=\"datePublished\" datetime=\"2025-10-13T16:46:15+01:00\" >13 de octubre de 2025<\/time><span class=\"text-sep\">\/<\/span><span class=\"blog-categories minor-meta\">en <a href=\"https:\/\/www.wallix.com\/es\/category\/prensa\/2025-es\/\" rel=\"tag\">2025<\/a>, <a href=\"https:\/\/www.wallix.com\/es\/category\/prensa\/\" rel=\"tag\">PRENSA<\/a><\/span><span class=\"text-sep\">\/<\/span><span class=\"blog-author minor-meta\">por <span class=\"entry-author-link\"  itemprop=\"author\" ><span class=\"author\"><span class=\"fn\"><a href=\"https:\/\/www.wallix.com\/es\/author\/tessa\/\" title=\"Entradas de WALLIX\" rel=\"author\">WALLIX<\/a><\/span><\/span><\/span><\/span><div class=\"read-more-link\"><a href=\"https:\/\/www.wallix.com\/es\/prensa\/wallix-reconocido-como-visionario-por-tercer-ano-consecutivo-en-el-magic-quadrant-2025-de-gartner-para-soluciones-de-pam\/\" class=\"more-link\">Leer m\u00e1s<span class='more-link-arrow avia-svg-icon avia-font-svg_entypo-fontello' data-av_svg_icon='right-open-big' data-av_iconset='svg_entypo-fontello'><svg version=\"1.1\" xmlns=\"http:\/\/www.w3.org\/2000\/svg\" width=\"15\" height=\"32\" viewBox=\"0 0 15 32\" preserveAspectRatio=\"xMidYMid meet\" role=\"graphics-symbol\" aria-hidden=\"true\">\n<path d=\"M0.416 27.84l11.456-11.84-11.456-11.904q-0.832-0.832 0-1.536 0.832-0.832 1.536 0l12.544 12.608q0.768 0.832 0 1.6l-12.544 12.608q-0.704 0.832-1.536 0-0.832-0.704 0-1.536z\"><\/path>\n<\/svg><\/span><\/a><\/div><\/span><\/header><footer class=\"entry-footer\"><\/footer><div class='post_delimiter'><\/div><\/div><div class=\"post_author_timeline\"><\/div><span class='hidden'>\n\t\t\t\t<span class='av-structured-data'  itemprop=\"image\" itemscope=\"itemscope\" itemtype=\"https:\/\/schema.org\/ImageObject\" >\n\t\t\t\t\t\t<span itemprop='url'>https:\/\/www.wallix.com\/wp-content\/uploads\/2022\/12\/AdobeStock_429258682-copie-scaled.jpg<\/span>\n\t\t\t\t\t\t<span itemprop='height'>1097<\/span>\n\t\t\t\t\t\t<span itemprop='width'>2560<\/span>\n\t\t\t\t<\/span>\n\t\t\t\t<span class='av-structured-data'  itemprop=\"publisher\" itemtype=\"https:\/\/schema.org\/Organization\" itemscope=\"itemscope\" >\n\t\t\t\t\t\t<span itemprop='name'>WALLIX<\/span>\n\t\t\t\t\t\t<span itemprop='logo' itemscope itemtype='https:\/\/schema.org\/ImageObject'>\n\t\t\t\t\t\t\t<span itemprop='url'>https:\/\/www.wallix.com\/wp-content\/uploads\/2023\/06\/wallx_2023_OK062023_blanc_OK.svg<\/span>\n\t\t\t\t\t\t<\/span>\n\t\t\t\t<\/span><span class='av-structured-data'  itemprop=\"author\" itemscope=\"itemscope\" itemtype=\"https:\/\/schema.org\/Person\" ><span itemprop='name'>WALLIX<\/span><\/span><span class='av-structured-data'  itemprop=\"datePublished\" datetime=\"2025-10-13T16:46:15+01:00\" >2025-10-13 16:46:15<\/span><span class='av-structured-data'  itemprop=\"dateModified\" itemtype=\"https:\/\/schema.org\/dateModified\" >2025-10-13 16:49:14<\/span><span class='av-structured-data'  itemprop=\"mainEntityOfPage\" itemtype=\"https:\/\/schema.org\/mainEntityOfPage\" ><span itemprop='name'>WALLIX reconocido como \u00abVisionario\u00bb por tercer a\u00f1o consecutivo en el Magic Quadrant\u2122 2025 de Gartner\u00ae para soluciones de PAM<\/span><\/span><\/span><\/article><article class=\"post-entry post-entry-type-standard post-entry-78109 post-loop-5 post-parity-odd post-entry-last bloglist-simple with-slider post-78109 post type-post status-publish format-standard has-post-thumbnail hentry category-2025-es category-prensa\"  itemscope=\"itemscope\" itemtype=\"https:\/\/schema.org\/BlogPosting\" ><div class=\"blog-meta\"><\/div><div class='entry-content-wrapper clearfix standard-content'><header class=\"entry-content-header\" aria-label=\"Post: WALLIX aporta una respuesta inmediata y escalable ante la urgencia de ciberseguridad y cumplimiento de las pymes\"><h2 class='post-title entry-title '  itemprop=\"headline\" ><a href=\"https:\/\/www.wallix.com\/es\/prensa\/wallix-aporta-una-respuesta-inmediata-y-escalable-ante-la-urgencia-de-ciberseguridad-y-cumplimiento-de-las-pymes\/\" rel=\"bookmark\" title=\"Enlace permanente: WALLIX aporta una respuesta inmediata y escalable ante la urgencia de ciberseguridad y cumplimiento de las pymes\">WALLIX aporta una respuesta inmediata y escalable ante la urgencia de ciberseguridad y cumplimiento de las pymes<span class=\"post-format-icon minor-meta\"><\/span><\/a><\/h2><span class=\"post-meta-infos\"><time class=\"date-container minor-meta updated\"  itemprop=\"datePublished\" datetime=\"2025-09-15T15:12:40+01:00\" >15 de septiembre de 2025<\/time><span class=\"text-sep\">\/<\/span><span class=\"blog-categories minor-meta\">en <a href=\"https:\/\/www.wallix.com\/es\/category\/prensa\/2025-es\/\" rel=\"tag\">2025<\/a>, <a href=\"https:\/\/www.wallix.com\/es\/category\/prensa\/\" rel=\"tag\">PRENSA<\/a><\/span><span class=\"text-sep\">\/<\/span><span class=\"blog-author minor-meta\">por <span class=\"entry-author-link\"  itemprop=\"author\" ><span class=\"author\"><span class=\"fn\"><a href=\"https:\/\/www.wallix.com\/es\/author\/alex\/\" title=\"Entradas de WALLIX\" rel=\"author\">WALLIX<\/a><\/span><\/span><\/span><\/span><div class=\"read-more-link\"><a href=\"https:\/\/www.wallix.com\/es\/prensa\/wallix-aporta-una-respuesta-inmediata-y-escalable-ante-la-urgencia-de-ciberseguridad-y-cumplimiento-de-las-pymes\/\" class=\"more-link\">Leer m\u00e1s<span class='more-link-arrow avia-svg-icon avia-font-svg_entypo-fontello' data-av_svg_icon='right-open-big' data-av_iconset='svg_entypo-fontello'><svg version=\"1.1\" xmlns=\"http:\/\/www.w3.org\/2000\/svg\" width=\"15\" height=\"32\" viewBox=\"0 0 15 32\" preserveAspectRatio=\"xMidYMid meet\" role=\"graphics-symbol\" aria-hidden=\"true\">\n<path d=\"M0.416 27.84l11.456-11.84-11.456-11.904q-0.832-0.832 0-1.536 0.832-0.832 1.536 0l12.544 12.608q0.768 0.832 0 1.6l-12.544 12.608q-0.704 0.832-1.536 0-0.832-0.704 0-1.536z\"><\/path>\n<\/svg><\/span><\/a><\/div><\/span><\/header><footer class=\"entry-footer\"><\/footer><div class='post_delimiter'><\/div><\/div><div class=\"post_author_timeline\"><\/div><span class='hidden'>\n\t\t\t\t<span class='av-structured-data'  itemprop=\"image\" itemscope=\"itemscope\" itemtype=\"https:\/\/schema.org\/ImageObject\" >\n\t\t\t\t\t\t<span itemprop='url'>https:\/\/www.wallix.com\/wp-content\/uploads\/2022\/12\/AdobeStock_429258682-copie-scaled.jpg<\/span>\n\t\t\t\t\t\t<span itemprop='height'>1097<\/span>\n\t\t\t\t\t\t<span itemprop='width'>2560<\/span>\n\t\t\t\t<\/span>\n\t\t\t\t<span class='av-structured-data'  itemprop=\"publisher\" itemtype=\"https:\/\/schema.org\/Organization\" itemscope=\"itemscope\" >\n\t\t\t\t\t\t<span itemprop='name'>WALLIX<\/span>\n\t\t\t\t\t\t<span itemprop='logo' itemscope itemtype='https:\/\/schema.org\/ImageObject'>\n\t\t\t\t\t\t\t<span itemprop='url'>https:\/\/www.wallix.com\/wp-content\/uploads\/2023\/06\/wallx_2023_OK062023_blanc_OK.svg<\/span>\n\t\t\t\t\t\t<\/span>\n\t\t\t\t<\/span><span class='av-structured-data'  itemprop=\"author\" itemscope=\"itemscope\" itemtype=\"https:\/\/schema.org\/Person\" ><span itemprop='name'>WALLIX<\/span><\/span><span class='av-structured-data'  itemprop=\"datePublished\" datetime=\"2025-09-15T15:12:40+01:00\" >2025-09-15 15:12:40<\/span><span class='av-structured-data'  itemprop=\"dateModified\" itemtype=\"https:\/\/schema.org\/dateModified\" >2025-09-15 15:14:50<\/span><span class='av-structured-data'  itemprop=\"mainEntityOfPage\" itemtype=\"https:\/\/schema.org\/mainEntityOfPage\" ><span itemprop='name'>WALLIX aporta una respuesta inmediata y escalable ante la urgencia de ciberseguridad y cumplimiento de las pymes<\/span><\/span><\/span><\/article><article class=\"post-entry post-entry-type-standard post-entry-73903 post-loop-6 post-parity-even bloglist-simple with-slider post-73903 post type-post status-publish format-standard has-post-thumbnail hentry category-2025-es category-prensa\"  itemscope=\"itemscope\" itemtype=\"https:\/\/schema.org\/BlogPosting\" ><div class=\"blog-meta\"><\/div><div class='entry-content-wrapper clearfix standard-content'><header class=\"entry-content-header\" aria-label=\"Post: Ciberseguridad y continuidad de la atenci\u00f3n sanitaria: WALLIX refuerza su posici\u00f3n en Europa como referente en este sector\"><h2 class='post-title entry-title '  itemprop=\"headline\" ><a href=\"https:\/\/www.wallix.com\/es\/prensa\/ciberseguridad-y-continuidad-de-la-atencion-sanitaria-wallix-refuerza-su-posicion-en-europa-como-referente-en-este-sector\/\" rel=\"bookmark\" title=\"Enlace permanente: Ciberseguridad y continuidad de la atenci\u00f3n sanitaria: WALLIX refuerza su posici\u00f3n en Europa como referente en este sector\">Ciberseguridad y continuidad de la atenci\u00f3n sanitaria: WALLIX refuerza su posici\u00f3n en Europa como referente en este sector<span class=\"post-format-icon minor-meta\"><\/span><\/a><\/h2><span class=\"post-meta-infos\"><time class=\"date-container minor-meta updated\"  itemprop=\"datePublished\" datetime=\"2025-06-26T15:42:07+01:00\" >26 de junio de 2025<\/time><span class=\"text-sep\">\/<\/span><span class=\"blog-categories minor-meta\">en <a href=\"https:\/\/www.wallix.com\/es\/category\/prensa\/2025-es\/\" rel=\"tag\">2025<\/a>, <a href=\"https:\/\/www.wallix.com\/es\/category\/prensa\/\" rel=\"tag\">PRENSA<\/a><\/span><span class=\"text-sep\">\/<\/span><span class=\"blog-author minor-meta\">por <span class=\"entry-author-link\"  itemprop=\"author\" ><span class=\"author\"><span class=\"fn\"><a href=\"https:\/\/www.wallix.com\/es\/author\/alex\/\" title=\"Entradas de WALLIX\" rel=\"author\">WALLIX<\/a><\/span><\/span><\/span><\/span><div class=\"read-more-link\"><a href=\"https:\/\/www.wallix.com\/es\/prensa\/ciberseguridad-y-continuidad-de-la-atencion-sanitaria-wallix-refuerza-su-posicion-en-europa-como-referente-en-este-sector\/\" class=\"more-link\">Leer m\u00e1s<span class='more-link-arrow avia-svg-icon avia-font-svg_entypo-fontello' data-av_svg_icon='right-open-big' data-av_iconset='svg_entypo-fontello'><svg version=\"1.1\" xmlns=\"http:\/\/www.w3.org\/2000\/svg\" width=\"15\" height=\"32\" viewBox=\"0 0 15 32\" preserveAspectRatio=\"xMidYMid meet\" role=\"graphics-symbol\" aria-hidden=\"true\">\n<path d=\"M0.416 27.84l11.456-11.84-11.456-11.904q-0.832-0.832 0-1.536 0.832-0.832 1.536 0l12.544 12.608q0.768 0.832 0 1.6l-12.544 12.608q-0.704 0.832-1.536 0-0.832-0.704 0-1.536z\"><\/path>\n<\/svg><\/span><\/a><\/div><\/span><\/header><footer class=\"entry-footer\"><\/footer><div class='post_delimiter'><\/div><\/div><div class=\"post_author_timeline\"><\/div><span class='hidden'>\n\t\t\t\t<span class='av-structured-data'  itemprop=\"image\" itemscope=\"itemscope\" itemtype=\"https:\/\/schema.org\/ImageObject\" >\n\t\t\t\t\t\t<span itemprop='url'>https:\/\/www.wallix.com\/wp-content\/uploads\/2022\/12\/AdobeStock_429258682-copie-scaled.jpg<\/span>\n\t\t\t\t\t\t<span itemprop='height'>1097<\/span>\n\t\t\t\t\t\t<span itemprop='width'>2560<\/span>\n\t\t\t\t<\/span>\n\t\t\t\t<span class='av-structured-data'  itemprop=\"publisher\" itemtype=\"https:\/\/schema.org\/Organization\" itemscope=\"itemscope\" >\n\t\t\t\t\t\t<span itemprop='name'>WALLIX<\/span>\n\t\t\t\t\t\t<span itemprop='logo' itemscope itemtype='https:\/\/schema.org\/ImageObject'>\n\t\t\t\t\t\t\t<span itemprop='url'>https:\/\/www.wallix.com\/wp-content\/uploads\/2023\/06\/wallx_2023_OK062023_blanc_OK.svg<\/span>\n\t\t\t\t\t\t<\/span>\n\t\t\t\t<\/span><span class='av-structured-data'  itemprop=\"author\" itemscope=\"itemscope\" itemtype=\"https:\/\/schema.org\/Person\" ><span itemprop='name'>WALLIX<\/span><\/span><span class='av-structured-data'  itemprop=\"datePublished\" datetime=\"2025-06-26T15:42:07+01:00\" >2025-06-26 15:42:07<\/span><span class='av-structured-data'  itemprop=\"dateModified\" itemtype=\"https:\/\/schema.org\/dateModified\" >2025-06-30 11:48:51<\/span><span class='av-structured-data'  itemprop=\"mainEntityOfPage\" itemtype=\"https:\/\/schema.org\/mainEntityOfPage\" ><span itemprop='name'>Ciberseguridad y continuidad de la atenci\u00f3n sanitaria: WALLIX refuerza su posici\u00f3n en Europa como referente en este sector<\/span><\/span><\/span><\/article><article class=\"post-entry post-entry-type-standard post-entry-70656 post-loop-7 post-parity-odd bloglist-simple with-slider post-70656 post type-post status-publish format-standard has-post-thumbnail hentry category-2025-es category-prensa\"  itemscope=\"itemscope\" itemtype=\"https:\/\/schema.org\/BlogPosting\" ><div class=\"blog-meta\"><\/div><div class='entry-content-wrapper clearfix standard-content'><header class=\"entry-content-header\" aria-label=\"Post: Aumentan las amenazas sobre los accesos web en un contexto geopol\u00edtico complicado: WALLIX lanza el PAM Web Session Manager\"><h2 class='post-title entry-title '  itemprop=\"headline\" ><a href=\"https:\/\/www.wallix.com\/es\/prensa\/aumentan-las-amenazas-sobre-los-accesos-web-en-un-contexto-geopolitico-complicado-wallix-lanza-el-web-session-managera-complex-geopolitical-context-wallix-launches-web-session-manager\/\" rel=\"bookmark\" title=\"Enlace permanente: Aumentan las amenazas sobre los accesos web en un contexto geopol\u00edtico complicado: WALLIX lanza el PAM Web Session Manager\">Aumentan las amenazas sobre los accesos web en un contexto geopol\u00edtico complicado: WALLIX lanza el PAM Web Session Manager<span class=\"post-format-icon minor-meta\"><\/span><\/a><\/h2><span class=\"post-meta-infos\"><time class=\"date-container minor-meta updated\"  itemprop=\"datePublished\" datetime=\"2025-03-31T13:10:27+01:00\" >31 de marzo de 2025<\/time><span class=\"text-sep\">\/<\/span><span class=\"blog-categories minor-meta\">en <a href=\"https:\/\/www.wallix.com\/es\/category\/prensa\/2025-es\/\" rel=\"tag\">2025<\/a>, <a href=\"https:\/\/www.wallix.com\/es\/category\/prensa\/\" rel=\"tag\">PRENSA<\/a><\/span><span class=\"text-sep\">\/<\/span><span class=\"blog-author minor-meta\">por <span class=\"entry-author-link\"  itemprop=\"author\" ><span class=\"author\"><span class=\"fn\"><a href=\"https:\/\/www.wallix.com\/es\/author\/alex\/\" title=\"Entradas de WALLIX\" rel=\"author\">WALLIX<\/a><\/span><\/span><\/span><\/span><div class=\"read-more-link\"><a href=\"https:\/\/www.wallix.com\/es\/prensa\/aumentan-las-amenazas-sobre-los-accesos-web-en-un-contexto-geopolitico-complicado-wallix-lanza-el-web-session-managera-complex-geopolitical-context-wallix-launches-web-session-manager\/\" class=\"more-link\">Leer m\u00e1s<span class='more-link-arrow avia-svg-icon avia-font-svg_entypo-fontello' data-av_svg_icon='right-open-big' data-av_iconset='svg_entypo-fontello'><svg version=\"1.1\" xmlns=\"http:\/\/www.w3.org\/2000\/svg\" width=\"15\" height=\"32\" viewBox=\"0 0 15 32\" preserveAspectRatio=\"xMidYMid meet\" role=\"graphics-symbol\" aria-hidden=\"true\">\n<path d=\"M0.416 27.84l11.456-11.84-11.456-11.904q-0.832-0.832 0-1.536 0.832-0.832 1.536 0l12.544 12.608q0.768 0.832 0 1.6l-12.544 12.608q-0.704 0.832-1.536 0-0.832-0.704 0-1.536z\"><\/path>\n<\/svg><\/span><\/a><\/div><\/span><\/header><footer class=\"entry-footer\"><\/footer><div class='post_delimiter'><\/div><\/div><div class=\"post_author_timeline\"><\/div><span class='hidden'>\n\t\t\t\t<span class='av-structured-data'  itemprop=\"image\" itemscope=\"itemscope\" itemtype=\"https:\/\/schema.org\/ImageObject\" >\n\t\t\t\t\t\t<span itemprop='url'>https:\/\/www.wallix.com\/wp-content\/uploads\/2022\/12\/AdobeStock_429258682-copie-scaled.jpg<\/span>\n\t\t\t\t\t\t<span itemprop='height'>1097<\/span>\n\t\t\t\t\t\t<span itemprop='width'>2560<\/span>\n\t\t\t\t<\/span>\n\t\t\t\t<span class='av-structured-data'  itemprop=\"publisher\" itemtype=\"https:\/\/schema.org\/Organization\" itemscope=\"itemscope\" >\n\t\t\t\t\t\t<span itemprop='name'>WALLIX<\/span>\n\t\t\t\t\t\t<span itemprop='logo' itemscope itemtype='https:\/\/schema.org\/ImageObject'>\n\t\t\t\t\t\t\t<span itemprop='url'>https:\/\/www.wallix.com\/wp-content\/uploads\/2023\/06\/wallx_2023_OK062023_blanc_OK.svg<\/span>\n\t\t\t\t\t\t<\/span>\n\t\t\t\t<\/span><span class='av-structured-data'  itemprop=\"author\" itemscope=\"itemscope\" itemtype=\"https:\/\/schema.org\/Person\" ><span itemprop='name'>WALLIX<\/span><\/span><span class='av-structured-data'  itemprop=\"datePublished\" datetime=\"2025-03-31T13:10:27+01:00\" >2025-03-31 13:10:27<\/span><span class='av-structured-data'  itemprop=\"dateModified\" itemtype=\"https:\/\/schema.org\/dateModified\" >2025-04-02 14:27:43<\/span><span class='av-structured-data'  itemprop=\"mainEntityOfPage\" itemtype=\"https:\/\/schema.org\/mainEntityOfPage\" ><span itemprop='name'>Aumentan las amenazas sobre los accesos web en un contexto geopol\u00edtico complicado: WALLIX lanza el PAM Web Session Manager<\/span><\/span><\/span><\/article><div class='bloglist-simple'><nav class='pagination'><span class='pagination-meta'>P\u00e1gina 1 de 2<\/span><span class='current'>1<\/span><a href='https:\/\/www.wallix.com\/es\/wp-json\/wp\/v2\/pages\/41534\/page\/2\/' class='inactive next_page' >2<\/a><\/nav>\n<\/div><\/div><br \/>\n\n<style type=\"text\/css\" data-created_by=\"avia_inline_auto\" id=\"style-css-av-av_heading-10a71384461ceeb8355654d549069518\">\n#top .av-special-heading.av-av_heading-10a71384461ceeb8355654d549069518{\npadding-bottom:10px;\n}\nbody .av-special-heading.av-av_heading-10a71384461ceeb8355654d549069518 .av-special-heading-tag .heading-char{\nfont-size:25px;\n}\n.av-special-heading.av-av_heading-10a71384461ceeb8355654d549069518 .av-subheading{\nfont-size:15px;\n}\n<\/style>\n<div  class='av-special-heading av-av_heading-10a71384461ceeb8355654d549069518 av-special-heading-h2 blockquote modern-quote'><h2 class='av-special-heading-tag '  itemprop=\"headline\"  >2024<\/h2><div class=\"special-heading-border\"><div class=\"special-heading-inner-border\"><\/div><\/div><\/div><br \/>\n<div  class='av-alb-blogposts template-blog  '  itemscope=\"itemscope\" itemtype=\"https:\/\/schema.org\/Blog\" ><article class=\"post-entry post-entry-type-standard post-entry-64910 post-loop-8 post-parity-even bloglist-simple with-slider post-64910 post type-post status-publish format-standard has-post-thumbnail hentry category-2024-es category-prensa\"  itemscope=\"itemscope\" itemtype=\"https:\/\/schema.org\/BlogPosting\" ><div class=\"blog-meta\"><\/div><div class='entry-content-wrapper clearfix standard-content'><header class=\"entry-content-header\" aria-label=\"Post: WALLIX One Enterprise Vault, el gestor seguro de contrase\u00f1as personal seguro que mejora la productividad y garantiza\"><h2 class='post-title entry-title '  itemprop=\"headline\" ><a href=\"https:\/\/www.wallix.com\/es\/prensa\/2024-es\/wallix-one-enterprise-vault-el-gestor-seguro-de-contrasenas-personales-que-aumenta-la-productividad-y-el-cumplimiento-de-las-empresas\/\" rel=\"bookmark\" title=\"Enlace permanente: WALLIX One Enterprise Vault, el gestor seguro de contrase\u00f1as personal seguro que mejora la productividad y garantiza\">WALLIX One Enterprise Vault, el gestor seguro de contrase\u00f1as personal seguro que mejora la productividad y garantiza<span class=\"post-format-icon minor-meta\"><\/span><\/a><\/h2><span class=\"post-meta-infos\"><time class=\"date-container minor-meta updated\"  itemprop=\"datePublished\" datetime=\"2024-10-28T14:00:40+01:00\" >28 de octubre de 2024<\/time><span class=\"text-sep\">\/<\/span><span class=\"blog-categories minor-meta\">en <a href=\"https:\/\/www.wallix.com\/es\/category\/prensa\/2024-es\/\" rel=\"tag\">2024<\/a>, <a href=\"https:\/\/www.wallix.com\/es\/category\/prensa\/\" rel=\"tag\">PRENSA<\/a><\/span><span class=\"text-sep\">\/<\/span><span class=\"blog-author minor-meta\">por <span class=\"entry-author-link\"  itemprop=\"author\" ><span class=\"author\"><span class=\"fn\"><a href=\"https:\/\/www.wallix.com\/es\/author\/tessa\/\" title=\"Entradas de WALLIX\" rel=\"author\">WALLIX<\/a><\/span><\/span><\/span><\/span><div class=\"read-more-link\"><a href=\"https:\/\/www.wallix.com\/es\/prensa\/2024-es\/wallix-one-enterprise-vault-el-gestor-seguro-de-contrasenas-personales-que-aumenta-la-productividad-y-el-cumplimiento-de-las-empresas\/\" class=\"more-link\">Leer m\u00e1s<span class='more-link-arrow avia-svg-icon avia-font-svg_entypo-fontello' data-av_svg_icon='right-open-big' data-av_iconset='svg_entypo-fontello'><svg version=\"1.1\" xmlns=\"http:\/\/www.w3.org\/2000\/svg\" width=\"15\" height=\"32\" viewBox=\"0 0 15 32\" preserveAspectRatio=\"xMidYMid meet\" role=\"graphics-symbol\" aria-hidden=\"true\">\n<path d=\"M0.416 27.84l11.456-11.84-11.456-11.904q-0.832-0.832 0-1.536 0.832-0.832 1.536 0l12.544 12.608q0.768 0.832 0 1.6l-12.544 12.608q-0.704 0.832-1.536 0-0.832-0.704 0-1.536z\"><\/path>\n<\/svg><\/span><\/a><\/div><\/span><\/header><footer class=\"entry-footer\"><\/footer><div class='post_delimiter'><\/div><\/div><div class=\"post_author_timeline\"><\/div><span class='hidden'>\n\t\t\t\t<span class='av-structured-data'  itemprop=\"image\" itemscope=\"itemscope\" itemtype=\"https:\/\/schema.org\/ImageObject\" >\n\t\t\t\t\t\t<span itemprop='url'>https:\/\/www.wallix.com\/wp-content\/uploads\/2022\/12\/AdobeStock_429258682-copie-scaled.jpg<\/span>\n\t\t\t\t\t\t<span itemprop='height'>1097<\/span>\n\t\t\t\t\t\t<span itemprop='width'>2560<\/span>\n\t\t\t\t<\/span>\n\t\t\t\t<span class='av-structured-data'  itemprop=\"publisher\" itemtype=\"https:\/\/schema.org\/Organization\" itemscope=\"itemscope\" >\n\t\t\t\t\t\t<span itemprop='name'>WALLIX<\/span>\n\t\t\t\t\t\t<span itemprop='logo' itemscope itemtype='https:\/\/schema.org\/ImageObject'>\n\t\t\t\t\t\t\t<span itemprop='url'>https:\/\/www.wallix.com\/wp-content\/uploads\/2023\/06\/wallx_2023_OK062023_blanc_OK.svg<\/span>\n\t\t\t\t\t\t<\/span>\n\t\t\t\t<\/span><span class='av-structured-data'  itemprop=\"author\" itemscope=\"itemscope\" itemtype=\"https:\/\/schema.org\/Person\" ><span itemprop='name'>WALLIX<\/span><\/span><span class='av-structured-data'  itemprop=\"datePublished\" datetime=\"2024-10-28T14:00:40+01:00\" >2024-10-28 14:00:40<\/span><span class='av-structured-data'  itemprop=\"dateModified\" itemtype=\"https:\/\/schema.org\/dateModified\" >2024-10-28 14:08:30<\/span><span class='av-structured-data'  itemprop=\"mainEntityOfPage\" itemtype=\"https:\/\/schema.org\/mainEntityOfPage\" ><span itemprop='name'>WALLIX One Enterprise Vault, el gestor seguro de contrase\u00f1as personal seguro que mejora la productividad y garantiza<\/span><\/span><\/span><\/article><article class=\"post-entry post-entry-type-standard post-entry-64088 post-loop-9 post-parity-odd bloglist-simple with-slider post-64088 post type-post status-publish format-standard has-post-thumbnail hentry category-2024-es category-prensa\"  itemscope=\"itemscope\" itemtype=\"https:\/\/schema.org\/BlogPosting\" ><div class=\"blog-meta\"><\/div><div class='entry-content-wrapper clearfix standard-content'><header class=\"entry-content-header\" aria-label=\"Post: WALLIX entre los l\u00edderes mundiales de PAM destacando especialmente por la protecci\u00f3n de entornos industriales\"><h2 class='post-title entry-title '  itemprop=\"headline\" ><a href=\"https:\/\/www.wallix.com\/es\/prensa\/2024-es\/wallix-entre-los-lideres-mundiales-de-pam-destacando-especialmente-por-la-proteccion-de-entornos-industriales\/\" rel=\"bookmark\" title=\"Enlace permanente: WALLIX entre los l\u00edderes mundiales de PAM destacando especialmente por la protecci\u00f3n de entornos industriales\">WALLIX entre los l\u00edderes mundiales de PAM destacando especialmente por la protecci\u00f3n de entornos industriales<span class=\"post-format-icon minor-meta\"><\/span><\/a><\/h2><span class=\"post-meta-infos\"><time class=\"date-container minor-meta updated\"  itemprop=\"datePublished\" datetime=\"2024-10-07T16:13:03+01:00\" >7 de octubre de 2024<\/time><span class=\"text-sep\">\/<\/span><span class=\"blog-categories minor-meta\">en <a href=\"https:\/\/www.wallix.com\/es\/category\/prensa\/2024-es\/\" rel=\"tag\">2024<\/a>, <a href=\"https:\/\/www.wallix.com\/es\/category\/prensa\/\" rel=\"tag\">PRENSA<\/a><\/span><span class=\"text-sep\">\/<\/span><span class=\"blog-author minor-meta\">por <span class=\"entry-author-link\"  itemprop=\"author\" ><span class=\"author\"><span class=\"fn\"><a href=\"https:\/\/www.wallix.com\/es\/author\/alex\/\" title=\"Entradas de WALLIX\" rel=\"author\">WALLIX<\/a><\/span><\/span><\/span><\/span><div class=\"read-more-link\"><a href=\"https:\/\/www.wallix.com\/es\/prensa\/2024-es\/wallix-entre-los-lideres-mundiales-de-pam-destacando-especialmente-por-la-proteccion-de-entornos-industriales\/\" class=\"more-link\">Leer m\u00e1s<span class='more-link-arrow avia-svg-icon avia-font-svg_entypo-fontello' data-av_svg_icon='right-open-big' data-av_iconset='svg_entypo-fontello'><svg version=\"1.1\" xmlns=\"http:\/\/www.w3.org\/2000\/svg\" width=\"15\" height=\"32\" viewBox=\"0 0 15 32\" preserveAspectRatio=\"xMidYMid meet\" role=\"graphics-symbol\" aria-hidden=\"true\">\n<path d=\"M0.416 27.84l11.456-11.84-11.456-11.904q-0.832-0.832 0-1.536 0.832-0.832 1.536 0l12.544 12.608q0.768 0.832 0 1.6l-12.544 12.608q-0.704 0.832-1.536 0-0.832-0.704 0-1.536z\"><\/path>\n<\/svg><\/span><\/a><\/div><\/span><\/header><footer class=\"entry-footer\"><\/footer><div class='post_delimiter'><\/div><\/div><div class=\"post_author_timeline\"><\/div><span class='hidden'>\n\t\t\t\t<span class='av-structured-data'  itemprop=\"image\" itemscope=\"itemscope\" itemtype=\"https:\/\/schema.org\/ImageObject\" >\n\t\t\t\t\t\t<span itemprop='url'>https:\/\/www.wallix.com\/wp-content\/uploads\/2022\/12\/AdobeStock_429258682-copie-scaled.jpg<\/span>\n\t\t\t\t\t\t<span itemprop='height'>1097<\/span>\n\t\t\t\t\t\t<span itemprop='width'>2560<\/span>\n\t\t\t\t<\/span>\n\t\t\t\t<span class='av-structured-data'  itemprop=\"publisher\" itemtype=\"https:\/\/schema.org\/Organization\" itemscope=\"itemscope\" >\n\t\t\t\t\t\t<span itemprop='name'>WALLIX<\/span>\n\t\t\t\t\t\t<span itemprop='logo' itemscope itemtype='https:\/\/schema.org\/ImageObject'>\n\t\t\t\t\t\t\t<span itemprop='url'>https:\/\/www.wallix.com\/wp-content\/uploads\/2023\/06\/wallx_2023_OK062023_blanc_OK.svg<\/span>\n\t\t\t\t\t\t<\/span>\n\t\t\t\t<\/span><span class='av-structured-data'  itemprop=\"author\" itemscope=\"itemscope\" itemtype=\"https:\/\/schema.org\/Person\" ><span itemprop='name'>WALLIX<\/span><\/span><span class='av-structured-data'  itemprop=\"datePublished\" datetime=\"2024-10-07T16:13:03+01:00\" >2024-10-07 16:13:03<\/span><span class='av-structured-data'  itemprop=\"dateModified\" itemtype=\"https:\/\/schema.org\/dateModified\" >2025-09-01 16:08:58<\/span><span class='av-structured-data'  itemprop=\"mainEntityOfPage\" itemtype=\"https:\/\/schema.org\/mainEntityOfPage\" ><span itemprop='name'>WALLIX entre los l\u00edderes mundiales de PAM destacando especialmente por la protecci\u00f3n de entornos industriales<\/span><\/span><\/span><\/article><article class=\"post-entry post-entry-type-standard post-entry-63634 post-loop-10 post-parity-even bloglist-simple with-slider post-63634 post type-post status-publish format-standard has-post-thumbnail hentry category-2024-es category-prensa\"  itemscope=\"itemscope\" itemtype=\"https:\/\/schema.org\/BlogPosting\" ><div class=\"blog-meta\"><\/div><div class='entry-content-wrapper clearfix standard-content'><header class=\"entry-content-header\" aria-label=\"Post: WALLIX y Telenor anuncian una asociaci\u00f3n estrat\u00e9gica para reforzar la seguridad del acceso remoto en la industria\"><h2 class='post-title entry-title '  itemprop=\"headline\" ><a href=\"https:\/\/www.wallix.com\/es\/prensa\/2024-es\/wallix-y-telenor-anuncian-una-asociacion-estrategica-para-reforzar-la-seguridad-del-acceso-remoto-en-la-industria\/\" rel=\"bookmark\" title=\"Enlace permanente: WALLIX y Telenor anuncian una asociaci\u00f3n estrat\u00e9gica para reforzar la seguridad del acceso remoto en la industria\">WALLIX y Telenor anuncian una asociaci\u00f3n estrat\u00e9gica para reforzar la seguridad del acceso remoto en la industria<span class=\"post-format-icon minor-meta\"><\/span><\/a><\/h2><span class=\"post-meta-infos\"><time class=\"date-container minor-meta updated\"  itemprop=\"datePublished\" datetime=\"2024-10-04T09:44:57+01:00\" >4 de octubre de 2024<\/time><span class=\"text-sep\">\/<\/span><span class=\"blog-categories minor-meta\">en <a href=\"https:\/\/www.wallix.com\/es\/category\/prensa\/2024-es\/\" rel=\"tag\">2024<\/a>, <a href=\"https:\/\/www.wallix.com\/es\/category\/prensa\/\" rel=\"tag\">PRENSA<\/a><\/span><span class=\"text-sep\">\/<\/span><span class=\"blog-author minor-meta\">por <span class=\"entry-author-link\"  itemprop=\"author\" ><span class=\"author\"><span class=\"fn\"><a href=\"https:\/\/www.wallix.com\/es\/author\/alex\/\" title=\"Entradas de WALLIX\" rel=\"author\">WALLIX<\/a><\/span><\/span><\/span><\/span><div class=\"read-more-link\"><a href=\"https:\/\/www.wallix.com\/es\/prensa\/2024-es\/wallix-y-telenor-anuncian-una-asociacion-estrategica-para-reforzar-la-seguridad-del-acceso-remoto-en-la-industria\/\" class=\"more-link\">Leer m\u00e1s<span class='more-link-arrow avia-svg-icon avia-font-svg_entypo-fontello' data-av_svg_icon='right-open-big' data-av_iconset='svg_entypo-fontello'><svg version=\"1.1\" xmlns=\"http:\/\/www.w3.org\/2000\/svg\" width=\"15\" height=\"32\" viewBox=\"0 0 15 32\" preserveAspectRatio=\"xMidYMid meet\" role=\"graphics-symbol\" aria-hidden=\"true\">\n<path d=\"M0.416 27.84l11.456-11.84-11.456-11.904q-0.832-0.832 0-1.536 0.832-0.832 1.536 0l12.544 12.608q0.768 0.832 0 1.6l-12.544 12.608q-0.704 0.832-1.536 0-0.832-0.704 0-1.536z\"><\/path>\n<\/svg><\/span><\/a><\/div><\/span><\/header><footer class=\"entry-footer\"><\/footer><div class='post_delimiter'><\/div><\/div><div class=\"post_author_timeline\"><\/div><span class='hidden'>\n\t\t\t\t<span class='av-structured-data'  itemprop=\"image\" itemscope=\"itemscope\" itemtype=\"https:\/\/schema.org\/ImageObject\" >\n\t\t\t\t\t\t<span itemprop='url'>https:\/\/www.wallix.com\/wp-content\/uploads\/2022\/12\/AdobeStock_429258682-copie-scaled.jpg<\/span>\n\t\t\t\t\t\t<span itemprop='height'>1097<\/span>\n\t\t\t\t\t\t<span itemprop='width'>2560<\/span>\n\t\t\t\t<\/span>\n\t\t\t\t<span class='av-structured-data'  itemprop=\"publisher\" itemtype=\"https:\/\/schema.org\/Organization\" itemscope=\"itemscope\" >\n\t\t\t\t\t\t<span itemprop='name'>WALLIX<\/span>\n\t\t\t\t\t\t<span itemprop='logo' itemscope itemtype='https:\/\/schema.org\/ImageObject'>\n\t\t\t\t\t\t\t<span itemprop='url'>https:\/\/www.wallix.com\/wp-content\/uploads\/2023\/06\/wallx_2023_OK062023_blanc_OK.svg<\/span>\n\t\t\t\t\t\t<\/span>\n\t\t\t\t<\/span><span class='av-structured-data'  itemprop=\"author\" itemscope=\"itemscope\" itemtype=\"https:\/\/schema.org\/Person\" ><span itemprop='name'>WALLIX<\/span><\/span><span class='av-structured-data'  itemprop=\"datePublished\" datetime=\"2024-10-04T09:44:57+01:00\" >2024-10-04 09:44:57<\/span><span class='av-structured-data'  itemprop=\"dateModified\" itemtype=\"https:\/\/schema.org\/dateModified\" >2024-10-04 09:44:58<\/span><span class='av-structured-data'  itemprop=\"mainEntityOfPage\" itemtype=\"https:\/\/schema.org\/mainEntityOfPage\" ><span itemprop='name'>WALLIX y Telenor anuncian una asociaci\u00f3n estrat\u00e9gica para reforzar la seguridad del acceso remoto en la industria<\/span><\/span><\/span><\/article><article class=\"post-entry post-entry-type-standard post-entry-60037 post-loop-11 post-parity-odd bloglist-simple with-slider post-60037 post type-post status-publish format-standard has-post-thumbnail hentry category-2024-es category-prensa\"  itemscope=\"itemscope\" itemtype=\"https:\/\/schema.org\/BlogPosting\" ><div class=\"blog-meta\"><\/div><div class='entry-content-wrapper clearfix standard-content'><header class=\"entry-content-header\" aria-label=\"Post: WALLIX refuerza su asociaci\u00f3n con CISCO para proteger las redes industriales\"><h2 class='post-title entry-title '  itemprop=\"headline\" ><a href=\"https:\/\/www.wallix.com\/es\/prensa\/2024-es\/wallix-strengthened-its-partnership-with-cisco-to-cyber-secure-industrial-networks\/\" rel=\"bookmark\" title=\"Enlace permanente: WALLIX refuerza su asociaci\u00f3n con CISCO para proteger las redes industriales\">WALLIX refuerza su asociaci\u00f3n con CISCO para proteger las redes industriales<span class=\"post-format-icon minor-meta\"><\/span><\/a><\/h2><span class=\"post-meta-infos\"><time class=\"date-container minor-meta updated\"  itemprop=\"datePublished\" datetime=\"2024-06-26T16:12:36+01:00\" >26 de junio de 2024<\/time><span class=\"text-sep\">\/<\/span><span class=\"blog-categories minor-meta\">en <a href=\"https:\/\/www.wallix.com\/es\/category\/prensa\/2024-es\/\" rel=\"tag\">2024<\/a>, <a href=\"https:\/\/www.wallix.com\/es\/category\/prensa\/\" rel=\"tag\">PRENSA<\/a><\/span><span class=\"text-sep\">\/<\/span><span class=\"blog-author minor-meta\">por <span class=\"entry-author-link\"  itemprop=\"author\" ><span class=\"author\"><span class=\"fn\"><a href=\"https:\/\/www.wallix.com\/es\/author\/admin\/\" title=\"Entradas de admin\" rel=\"author\">admin<\/a><\/span><\/span><\/span><\/span><div class=\"read-more-link\"><a href=\"https:\/\/www.wallix.com\/es\/prensa\/2024-es\/wallix-strengthened-its-partnership-with-cisco-to-cyber-secure-industrial-networks\/\" class=\"more-link\">Leer m\u00e1s<span class='more-link-arrow avia-svg-icon avia-font-svg_entypo-fontello' data-av_svg_icon='right-open-big' data-av_iconset='svg_entypo-fontello'><svg version=\"1.1\" xmlns=\"http:\/\/www.w3.org\/2000\/svg\" width=\"15\" height=\"32\" viewBox=\"0 0 15 32\" preserveAspectRatio=\"xMidYMid meet\" role=\"graphics-symbol\" aria-hidden=\"true\">\n<path d=\"M0.416 27.84l11.456-11.84-11.456-11.904q-0.832-0.832 0-1.536 0.832-0.832 1.536 0l12.544 12.608q0.768 0.832 0 1.6l-12.544 12.608q-0.704 0.832-1.536 0-0.832-0.704 0-1.536z\"><\/path>\n<\/svg><\/span><\/a><\/div><\/span><\/header><footer class=\"entry-footer\"><\/footer><div class='post_delimiter'><\/div><\/div><div class=\"post_author_timeline\"><\/div><span class='hidden'>\n\t\t\t\t<span class='av-structured-data'  itemprop=\"image\" itemscope=\"itemscope\" itemtype=\"https:\/\/schema.org\/ImageObject\" >\n\t\t\t\t\t\t<span itemprop='url'>https:\/\/www.wallix.com\/wp-content\/uploads\/2022\/12\/AdobeStock_429258682-copie-scaled.jpg<\/span>\n\t\t\t\t\t\t<span itemprop='height'>1097<\/span>\n\t\t\t\t\t\t<span itemprop='width'>2560<\/span>\n\t\t\t\t<\/span>\n\t\t\t\t<span class='av-structured-data'  itemprop=\"publisher\" itemtype=\"https:\/\/schema.org\/Organization\" itemscope=\"itemscope\" >\n\t\t\t\t\t\t<span itemprop='name'>admin<\/span>\n\t\t\t\t\t\t<span itemprop='logo' itemscope itemtype='https:\/\/schema.org\/ImageObject'>\n\t\t\t\t\t\t\t<span itemprop='url'>https:\/\/www.wallix.com\/wp-content\/uploads\/2023\/06\/wallx_2023_OK062023_blanc_OK.svg<\/span>\n\t\t\t\t\t\t<\/span>\n\t\t\t\t<\/span><span class='av-structured-data'  itemprop=\"author\" itemscope=\"itemscope\" itemtype=\"https:\/\/schema.org\/Person\" ><span itemprop='name'>admin<\/span><\/span><span class='av-structured-data'  itemprop=\"datePublished\" datetime=\"2024-06-26T16:12:36+01:00\" >2024-06-26 16:12:36<\/span><span class='av-structured-data'  itemprop=\"dateModified\" itemtype=\"https:\/\/schema.org\/dateModified\" >2024-06-27 10:32:30<\/span><span class='av-structured-data'  itemprop=\"mainEntityOfPage\" itemtype=\"https:\/\/schema.org\/mainEntityOfPage\" ><span itemprop='name'>WALLIX refuerza su asociaci\u00f3n con CISCO para proteger las redes industriales<\/span><\/span><\/span><\/article><div class='bloglist-simple'><\/div><\/div><br \/>\n\n<style type=\"text\/css\" data-created_by=\"avia_inline_auto\" id=\"style-css-av-av_heading-51636ce176a808bba30a4c2be10f5cb1\">\n#top .av-special-heading.av-av_heading-51636ce176a808bba30a4c2be10f5cb1{\npadding-bottom:10px;\n}\nbody .av-special-heading.av-av_heading-51636ce176a808bba30a4c2be10f5cb1 .av-special-heading-tag .heading-char{\nfont-size:25px;\n}\n.av-special-heading.av-av_heading-51636ce176a808bba30a4c2be10f5cb1 .av-subheading{\nfont-size:15px;\n}\n<\/style>\n<div  class='av-special-heading av-av_heading-51636ce176a808bba30a4c2be10f5cb1 av-special-heading-h2 blockquote modern-quote'><h2 class='av-special-heading-tag '  itemprop=\"headline\"  >2023<\/h2><div class=\"special-heading-border\"><div class=\"special-heading-inner-border\"><\/div><\/div><\/div><br \/>\n<div  class='av-alb-blogposts template-blog  '  itemscope=\"itemscope\" itemtype=\"https:\/\/schema.org\/Blog\" ><article class=\"post-entry post-entry-type-standard post-entry-44413 post-loop-12 post-parity-even bloglist-simple  post-44413 post type-post status-publish format-standard hentry category-2023-es category-prensa\"  itemscope=\"itemscope\" itemtype=\"https:\/\/schema.org\/BlogPosting\" ><div class=\"blog-meta\"><\/div><div class='entry-content-wrapper clearfix standard-content'><header class=\"entry-content-header\" aria-label=\"Post: We Edu: WALLIX firma una alianza con los Institutos Universitarios Tecnol\u00f3gicos (IUT) franceses e integra su formaci\u00f3n certificadora en la especialidad de ciberseguridad del Grado Universitario Tecnol\u00f3gico en Redes y Telecomunicaciones\"><h2 class='post-title entry-title '  itemprop=\"headline\" ><a href=\"https:\/\/www.wallix.com\/es\/prensa\/2023-es\/we-edu-wallix-firma-una-alianza-con-los-institutos-universitarios-tecnologicos-iut-franceses-e-integra-su-formacion-certificadora-en-la-especialidad-de-ciberseguridad-del-grado-universitario-tecnol\/\" rel=\"bookmark\" title=\"Enlace permanente: We Edu: WALLIX firma una alianza con los Institutos Universitarios Tecnol\u00f3gicos (IUT) franceses e integra su formaci\u00f3n certificadora en la especialidad de ciberseguridad del Grado Universitario Tecnol\u00f3gico en Redes y Telecomunicaciones\">We Edu: WALLIX firma una alianza con los Institutos Universitarios Tecnol\u00f3gicos (IUT) franceses e integra su formaci\u00f3n certificadora en la especialidad de ciberseguridad del Grado Universitario Tecnol\u00f3gico en Redes y Telecomunicaciones<span class=\"post-format-icon minor-meta\"><\/span><\/a><\/h2><span class=\"post-meta-infos\"><time class=\"date-container minor-meta updated\"  itemprop=\"datePublished\" datetime=\"2023-09-21T15:57:06+01:00\" >21 de septiembre de 2023<\/time><span class=\"text-sep\">\/<\/span><span class=\"blog-categories minor-meta\">en <a href=\"https:\/\/www.wallix.com\/es\/category\/prensa\/2023-es\/\" rel=\"tag\">2023<\/a>, <a href=\"https:\/\/www.wallix.com\/es\/category\/prensa\/\" rel=\"tag\">PRENSA<\/a><\/span><span class=\"text-sep\">\/<\/span><span class=\"blog-author minor-meta\">por <span class=\"entry-author-link\"  itemprop=\"author\" ><span class=\"author\"><span class=\"fn\"><a href=\"https:\/\/www.wallix.com\/es\/author\/alex\/\" title=\"Entradas de WALLIX\" rel=\"author\">WALLIX<\/a><\/span><\/span><\/span><\/span><div class=\"read-more-link\"><a href=\"https:\/\/www.wallix.com\/es\/prensa\/2023-es\/we-edu-wallix-firma-una-alianza-con-los-institutos-universitarios-tecnologicos-iut-franceses-e-integra-su-formacion-certificadora-en-la-especialidad-de-ciberseguridad-del-grado-universitario-tecnol\/\" class=\"more-link\">Leer m\u00e1s<span class='more-link-arrow avia-svg-icon avia-font-svg_entypo-fontello' data-av_svg_icon='right-open-big' data-av_iconset='svg_entypo-fontello'><svg version=\"1.1\" xmlns=\"http:\/\/www.w3.org\/2000\/svg\" width=\"15\" height=\"32\" viewBox=\"0 0 15 32\" preserveAspectRatio=\"xMidYMid meet\" role=\"graphics-symbol\" aria-hidden=\"true\">\n<path d=\"M0.416 27.84l11.456-11.84-11.456-11.904q-0.832-0.832 0-1.536 0.832-0.832 1.536 0l12.544 12.608q0.768 0.832 0 1.6l-12.544 12.608q-0.704 0.832-1.536 0-0.832-0.704 0-1.536z\"><\/path>\n<\/svg><\/span><\/a><\/div><\/span><\/header><footer class=\"entry-footer\"><\/footer><div class='post_delimiter'><\/div><\/div><div class=\"post_author_timeline\"><\/div><span class='hidden'>\n\t\t\t\t<span class='av-structured-data'  itemprop=\"image\" itemscope=\"itemscope\" itemtype=\"https:\/\/schema.org\/ImageObject\" >\n\t\t\t\t\t\t<span itemprop='url'>https:\/\/www.wallix.com\/wp-content\/uploads\/2023\/06\/wallx_2023_OK062023_blanc_OK.svg<\/span>\n\t\t\t\t\t\t<span itemprop='height'>0<\/span>\n\t\t\t\t\t\t<span itemprop='width'>0<\/span>\n\t\t\t\t<\/span>\n\t\t\t\t<span class='av-structured-data'  itemprop=\"publisher\" itemtype=\"https:\/\/schema.org\/Organization\" itemscope=\"itemscope\" >\n\t\t\t\t\t\t<span itemprop='name'>WALLIX<\/span>\n\t\t\t\t\t\t<span itemprop='logo' itemscope itemtype='https:\/\/schema.org\/ImageObject'>\n\t\t\t\t\t\t\t<span itemprop='url'>https:\/\/www.wallix.com\/wp-content\/uploads\/2023\/06\/wallx_2023_OK062023_blanc_OK.svg<\/span>\n\t\t\t\t\t\t<\/span>\n\t\t\t\t<\/span><span class='av-structured-data'  itemprop=\"author\" itemscope=\"itemscope\" itemtype=\"https:\/\/schema.org\/Person\" ><span itemprop='name'>WALLIX<\/span><\/span><span class='av-structured-data'  itemprop=\"datePublished\" datetime=\"2023-09-21T15:57:06+01:00\" >2023-09-21 15:57:06<\/span><span class='av-structured-data'  itemprop=\"dateModified\" itemtype=\"https:\/\/schema.org\/dateModified\" >2025-11-19 10:34:34<\/span><span class='av-structured-data'  itemprop=\"mainEntityOfPage\" itemtype=\"https:\/\/schema.org\/mainEntityOfPage\" ><span itemprop='name'>We Edu: WALLIX firma una alianza con los Institutos Universitarios Tecnol\u00f3gicos (IUT) franceses e integra su formaci\u00f3n certificadora en la especialidad de ciberseguridad del Grado Universitario Tecnol\u00f3gico en Redes y Telecomunicaciones<\/span><\/span><\/span><\/article><article class=\"post-entry post-entry-type-standard post-entry-44433 post-loop-13 post-parity-odd bloglist-simple  post-44433 post type-post status-publish format-standard hentry category-2023-es\"  itemscope=\"itemscope\" itemtype=\"https:\/\/schema.org\/BlogPosting\" ><div class=\"blog-meta\"><\/div><div class='entry-content-wrapper clearfix standard-content'><header class=\"entry-content-header\" aria-label=\"Post: WALLIX crea un comit\u00e9 de reconocidos expertos y usuarios para adaptar al m\u00e1ximo su estrategia a las necesidades del mercado\"><h2 class='post-title entry-title '  itemprop=\"headline\" ><a href=\"https:\/\/www.wallix.com\/es\/prensa\/2023-es\/wallix-crea-un-comite-de-reconocidos-expertos-y-usuarios-para-adaptar-al-maximo-su-estrategia-a-las-necesidades-del-mercado\/\" rel=\"bookmark\" title=\"Enlace permanente: WALLIX crea un comit\u00e9 de reconocidos expertos y usuarios para adaptar al m\u00e1ximo su estrategia a las necesidades del mercado\">WALLIX crea un comit\u00e9 de reconocidos expertos y usuarios para adaptar al m\u00e1ximo su estrategia a las necesidades del mercado<span class=\"post-format-icon minor-meta\"><\/span><\/a><\/h2><span class=\"post-meta-infos\"><time class=\"date-container minor-meta updated\"  itemprop=\"datePublished\" datetime=\"2023-07-27T16:01:25+01:00\" >27 de julio de 2023<\/time><span class=\"text-sep\">\/<\/span><span class=\"blog-categories minor-meta\">en <a href=\"https:\/\/www.wallix.com\/es\/category\/prensa\/2023-es\/\" rel=\"tag\">2023<\/a><\/span><span class=\"text-sep\">\/<\/span><span class=\"blog-author minor-meta\">por <span class=\"entry-author-link\"  itemprop=\"author\" ><span class=\"author\"><span class=\"fn\"><a href=\"https:\/\/www.wallix.com\/es\/author\/alex\/\" title=\"Entradas de WALLIX\" rel=\"author\">WALLIX<\/a><\/span><\/span><\/span><\/span><div class=\"read-more-link\"><a href=\"https:\/\/www.wallix.com\/es\/prensa\/2023-es\/wallix-crea-un-comite-de-reconocidos-expertos-y-usuarios-para-adaptar-al-maximo-su-estrategia-a-las-necesidades-del-mercado\/\" class=\"more-link\">Leer m\u00e1s<span class='more-link-arrow avia-svg-icon avia-font-svg_entypo-fontello' data-av_svg_icon='right-open-big' data-av_iconset='svg_entypo-fontello'><svg version=\"1.1\" xmlns=\"http:\/\/www.w3.org\/2000\/svg\" width=\"15\" height=\"32\" viewBox=\"0 0 15 32\" preserveAspectRatio=\"xMidYMid meet\" role=\"graphics-symbol\" aria-hidden=\"true\">\n<path d=\"M0.416 27.84l11.456-11.84-11.456-11.904q-0.832-0.832 0-1.536 0.832-0.832 1.536 0l12.544 12.608q0.768 0.832 0 1.6l-12.544 12.608q-0.704 0.832-1.536 0-0.832-0.704 0-1.536z\"><\/path>\n<\/svg><\/span><\/a><\/div><\/span><\/header><footer class=\"entry-footer\"><\/footer><div class='post_delimiter'><\/div><\/div><div class=\"post_author_timeline\"><\/div><span class='hidden'>\n\t\t\t\t<span class='av-structured-data'  itemprop=\"image\" itemscope=\"itemscope\" itemtype=\"https:\/\/schema.org\/ImageObject\" >\n\t\t\t\t\t\t<span itemprop='url'>https:\/\/www.wallix.com\/wp-content\/uploads\/2023\/06\/wallx_2023_OK062023_blanc_OK.svg<\/span>\n\t\t\t\t\t\t<span itemprop='height'>0<\/span>\n\t\t\t\t\t\t<span itemprop='width'>0<\/span>\n\t\t\t\t<\/span>\n\t\t\t\t<span class='av-structured-data'  itemprop=\"publisher\" itemtype=\"https:\/\/schema.org\/Organization\" itemscope=\"itemscope\" >\n\t\t\t\t\t\t<span itemprop='name'>WALLIX<\/span>\n\t\t\t\t\t\t<span itemprop='logo' itemscope itemtype='https:\/\/schema.org\/ImageObject'>\n\t\t\t\t\t\t\t<span itemprop='url'>https:\/\/www.wallix.com\/wp-content\/uploads\/2023\/06\/wallx_2023_OK062023_blanc_OK.svg<\/span>\n\t\t\t\t\t\t<\/span>\n\t\t\t\t<\/span><span class='av-structured-data'  itemprop=\"author\" itemscope=\"itemscope\" itemtype=\"https:\/\/schema.org\/Person\" ><span itemprop='name'>WALLIX<\/span><\/span><span class='av-structured-data'  itemprop=\"datePublished\" datetime=\"2023-07-27T16:01:25+01:00\" >2023-07-27 16:01:25<\/span><span class='av-structured-data'  itemprop=\"dateModified\" itemtype=\"https:\/\/schema.org\/dateModified\" >2025-12-17 08:53:56<\/span><span class='av-structured-data'  itemprop=\"mainEntityOfPage\" itemtype=\"https:\/\/schema.org\/mainEntityOfPage\" ><span itemprop='name'>WALLIX crea un comit\u00e9 de reconocidos expertos y usuarios para adaptar al m\u00e1ximo su estrategia a las necesidades del mercado<\/span><\/span><\/span><\/article><article class=\"post-entry post-entry-type-standard post-entry-44424 post-loop-14 post-parity-even bloglist-simple  post-44424 post type-post status-publish format-standard hentry category-2023-es\"  itemscope=\"itemscope\" itemtype=\"https:\/\/schema.org\/BlogPosting\" ><div class=\"blog-meta\"><\/div><div class='entry-content-wrapper clearfix standard-content'><header class=\"entry-content-header\" aria-label=\"Post: WALLIX se une al Demo Center OT de Orange Cyberdefense en Francia para mostrar c\u00f3mo sus soluciones garantizan la resiliencia y la continuidad de las operaciones de los sistemas industriales ante ciberataques\"><h2 class='post-title entry-title '  itemprop=\"headline\" ><a href=\"https:\/\/www.wallix.com\/es\/prensa\/2023-es\/wallix-se-une-al-demo-center-ot-de-orange-cyberdefense-en-francia-para-mostrar-como-sus-soluciones-garantizan-la-resiliencia-y-la-continuidad-de-las-operaciones-de-los-sistemas-industriales-ante-ciber\/\" rel=\"bookmark\" title=\"Enlace permanente: WALLIX se une al Demo Center OT de Orange Cyberdefense en Francia para mostrar c\u00f3mo sus soluciones garantizan la resiliencia y la continuidad de las operaciones de los sistemas industriales ante ciberataques\">WALLIX se une al Demo Center OT de Orange Cyberdefense en Francia para mostrar c\u00f3mo sus soluciones garantizan la resiliencia y la continuidad de las operaciones de los sistemas industriales ante ciberataques<span class=\"post-format-icon minor-meta\"><\/span><\/a><\/h2><span class=\"post-meta-infos\"><time class=\"date-container minor-meta updated\"  itemprop=\"datePublished\" datetime=\"2023-07-04T15:59:41+01:00\" >4 de julio de 2023<\/time><span class=\"text-sep\">\/<\/span><span class=\"blog-categories minor-meta\">en <a href=\"https:\/\/www.wallix.com\/es\/category\/prensa\/2023-es\/\" rel=\"tag\">2023<\/a><\/span><span class=\"text-sep\">\/<\/span><span class=\"blog-author minor-meta\">por <span class=\"entry-author-link\"  itemprop=\"author\" ><span class=\"author\"><span class=\"fn\"><a href=\"https:\/\/www.wallix.com\/es\/author\/alex\/\" title=\"Entradas de WALLIX\" rel=\"author\">WALLIX<\/a><\/span><\/span><\/span><\/span><div class=\"read-more-link\"><a href=\"https:\/\/www.wallix.com\/es\/prensa\/2023-es\/wallix-se-une-al-demo-center-ot-de-orange-cyberdefense-en-francia-para-mostrar-como-sus-soluciones-garantizan-la-resiliencia-y-la-continuidad-de-las-operaciones-de-los-sistemas-industriales-ante-ciber\/\" class=\"more-link\">Leer m\u00e1s<span class='more-link-arrow avia-svg-icon avia-font-svg_entypo-fontello' data-av_svg_icon='right-open-big' data-av_iconset='svg_entypo-fontello'><svg version=\"1.1\" xmlns=\"http:\/\/www.w3.org\/2000\/svg\" width=\"15\" height=\"32\" viewBox=\"0 0 15 32\" preserveAspectRatio=\"xMidYMid meet\" role=\"graphics-symbol\" aria-hidden=\"true\">\n<path d=\"M0.416 27.84l11.456-11.84-11.456-11.904q-0.832-0.832 0-1.536 0.832-0.832 1.536 0l12.544 12.608q0.768 0.832 0 1.6l-12.544 12.608q-0.704 0.832-1.536 0-0.832-0.704 0-1.536z\"><\/path>\n<\/svg><\/span><\/a><\/div><\/span><\/header><footer class=\"entry-footer\"><\/footer><div class='post_delimiter'><\/div><\/div><div class=\"post_author_timeline\"><\/div><span class='hidden'>\n\t\t\t\t<span class='av-structured-data'  itemprop=\"image\" itemscope=\"itemscope\" itemtype=\"https:\/\/schema.org\/ImageObject\" >\n\t\t\t\t\t\t<span itemprop='url'>https:\/\/www.wallix.com\/wp-content\/uploads\/2023\/06\/wallx_2023_OK062023_blanc_OK.svg<\/span>\n\t\t\t\t\t\t<span itemprop='height'>0<\/span>\n\t\t\t\t\t\t<span itemprop='width'>0<\/span>\n\t\t\t\t<\/span>\n\t\t\t\t<span class='av-structured-data'  itemprop=\"publisher\" itemtype=\"https:\/\/schema.org\/Organization\" itemscope=\"itemscope\" >\n\t\t\t\t\t\t<span itemprop='name'>WALLIX<\/span>\n\t\t\t\t\t\t<span itemprop='logo' itemscope itemtype='https:\/\/schema.org\/ImageObject'>\n\t\t\t\t\t\t\t<span itemprop='url'>https:\/\/www.wallix.com\/wp-content\/uploads\/2023\/06\/wallx_2023_OK062023_blanc_OK.svg<\/span>\n\t\t\t\t\t\t<\/span>\n\t\t\t\t<\/span><span class='av-structured-data'  itemprop=\"author\" itemscope=\"itemscope\" itemtype=\"https:\/\/schema.org\/Person\" ><span itemprop='name'>WALLIX<\/span><\/span><span class='av-structured-data'  itemprop=\"datePublished\" datetime=\"2023-07-04T15:59:41+01:00\" >2023-07-04 15:59:41<\/span><span class='av-structured-data'  itemprop=\"dateModified\" itemtype=\"https:\/\/schema.org\/dateModified\" >2025-07-03 11:11:28<\/span><span class='av-structured-data'  itemprop=\"mainEntityOfPage\" itemtype=\"https:\/\/schema.org\/mainEntityOfPage\" ><span itemprop='name'>WALLIX se une al Demo Center OT de Orange Cyberdefense en Francia para mostrar c\u00f3mo sus soluciones garantizan la resiliencia y la continuidad de las operaciones de los sistemas industriales ante ciberataques<\/span><\/span><\/span><\/article><article class=\"post-entry post-entry-type-standard post-entry-44438 post-loop-15 post-parity-odd bloglist-simple  post-44438 post type-post status-publish format-standard hentry category-2023-es\"  itemscope=\"itemscope\" itemtype=\"https:\/\/schema.org\/BlogPosting\" ><div class=\"blog-meta\"><\/div><div class='entry-content-wrapper clearfix standard-content'><header class=\"entry-content-header\" aria-label=\"Post: Cris R\u00e9seaux distribuir\u00e1 WALLIX IDaaS para hacer la gesti\u00f3n de identidades y accesos digitales en modo SaaS accesible a las PYMEs\"><h2 class='post-title entry-title '  itemprop=\"headline\" ><a href=\"https:\/\/www.wallix.com\/es\/prensa\/2023-es\/cris-reseaux-distribuira-wallix-idaas-para-hacer-la-gestion-de-identidades-y-accesos-digitales-en-modo-saas-accesible-a-las-pymes\/\" rel=\"bookmark\" title=\"Enlace permanente: Cris R\u00e9seaux distribuir\u00e1 WALLIX IDaaS para hacer la gesti\u00f3n de identidades y accesos digitales en modo SaaS accesible a las PYMEs\">Cris R\u00e9seaux distribuir\u00e1 WALLIX IDaaS para hacer la gesti\u00f3n de identidades y accesos digitales en modo SaaS accesible a las PYMEs<span class=\"post-format-icon minor-meta\"><\/span><\/a><\/h2><span class=\"post-meta-infos\"><time class=\"date-container minor-meta updated\"  itemprop=\"datePublished\" datetime=\"2023-06-20T16:02:58+01:00\" >20 de junio de 2023<\/time><span class=\"text-sep\">\/<\/span><span class=\"blog-categories minor-meta\">en <a href=\"https:\/\/www.wallix.com\/es\/category\/prensa\/2023-es\/\" rel=\"tag\">2023<\/a><\/span><span class=\"text-sep\">\/<\/span><span class=\"blog-author minor-meta\">por <span class=\"entry-author-link\"  itemprop=\"author\" ><span class=\"author\"><span class=\"fn\"><a href=\"https:\/\/www.wallix.com\/es\/author\/alex\/\" title=\"Entradas de WALLIX\" rel=\"author\">WALLIX<\/a><\/span><\/span><\/span><\/span><div class=\"read-more-link\"><a href=\"https:\/\/www.wallix.com\/es\/prensa\/2023-es\/cris-reseaux-distribuira-wallix-idaas-para-hacer-la-gestion-de-identidades-y-accesos-digitales-en-modo-saas-accesible-a-las-pymes\/\" class=\"more-link\">Leer m\u00e1s<span class='more-link-arrow avia-svg-icon avia-font-svg_entypo-fontello' data-av_svg_icon='right-open-big' data-av_iconset='svg_entypo-fontello'><svg version=\"1.1\" xmlns=\"http:\/\/www.w3.org\/2000\/svg\" width=\"15\" height=\"32\" viewBox=\"0 0 15 32\" preserveAspectRatio=\"xMidYMid meet\" role=\"graphics-symbol\" aria-hidden=\"true\">\n<path d=\"M0.416 27.84l11.456-11.84-11.456-11.904q-0.832-0.832 0-1.536 0.832-0.832 1.536 0l12.544 12.608q0.768 0.832 0 1.6l-12.544 12.608q-0.704 0.832-1.536 0-0.832-0.704 0-1.536z\"><\/path>\n<\/svg><\/span><\/a><\/div><\/span><\/header><footer class=\"entry-footer\"><\/footer><div class='post_delimiter'><\/div><\/div><div class=\"post_author_timeline\"><\/div><span class='hidden'>\n\t\t\t\t<span class='av-structured-data'  itemprop=\"image\" itemscope=\"itemscope\" itemtype=\"https:\/\/schema.org\/ImageObject\" >\n\t\t\t\t\t\t<span itemprop='url'>https:\/\/www.wallix.com\/wp-content\/uploads\/2023\/06\/wallx_2023_OK062023_blanc_OK.svg<\/span>\n\t\t\t\t\t\t<span itemprop='height'>0<\/span>\n\t\t\t\t\t\t<span itemprop='width'>0<\/span>\n\t\t\t\t<\/span>\n\t\t\t\t<span class='av-structured-data'  itemprop=\"publisher\" itemtype=\"https:\/\/schema.org\/Organization\" itemscope=\"itemscope\" >\n\t\t\t\t\t\t<span itemprop='name'>WALLIX<\/span>\n\t\t\t\t\t\t<span itemprop='logo' itemscope itemtype='https:\/\/schema.org\/ImageObject'>\n\t\t\t\t\t\t\t<span itemprop='url'>https:\/\/www.wallix.com\/wp-content\/uploads\/2023\/06\/wallx_2023_OK062023_blanc_OK.svg<\/span>\n\t\t\t\t\t\t<\/span>\n\t\t\t\t<\/span><span class='av-structured-data'  itemprop=\"author\" itemscope=\"itemscope\" itemtype=\"https:\/\/schema.org\/Person\" ><span itemprop='name'>WALLIX<\/span><\/span><span class='av-structured-data'  itemprop=\"datePublished\" datetime=\"2023-06-20T16:02:58+01:00\" >2023-06-20 16:02:58<\/span><span class='av-structured-data'  itemprop=\"dateModified\" itemtype=\"https:\/\/schema.org\/dateModified\" >2025-07-03 11:04:16<\/span><span class='av-structured-data'  itemprop=\"mainEntityOfPage\" itemtype=\"https:\/\/schema.org\/mainEntityOfPage\" ><span itemprop='name'>Cris R\u00e9seaux distribuir\u00e1 WALLIX IDaaS para hacer la gesti\u00f3n de identidades y accesos digitales en modo SaaS accesible a las PYMEs<\/span><\/span><\/span><\/article><article class=\"post-entry post-entry-type-standard post-entry-44442 post-loop-16 post-parity-even bloglist-simple  post-44442 post type-post status-publish format-standard hentry category-2023-es\"  itemscope=\"itemscope\" itemtype=\"https:\/\/schema.org\/BlogPosting\" ><div class=\"blog-meta\"><\/div><div class='entry-content-wrapper clearfix standard-content'><header class=\"entry-content-header\" aria-label=\"Post: WaaSA: una nueva oferta de ciberseguridad soberana que permite gestionar de forma sencilla el acceso de terceros en las empresas\"><h2 class='post-title entry-title '  itemprop=\"headline\" ><a href=\"https:\/\/www.wallix.com\/es\/prensa\/2023-es\/waasa-una-nueva-oferta-de-ciberseguridad-soberana-que-permite-gestionar-de-forma-sencilla-el-acceso-de-terceros-en-las-empresas\/\" rel=\"bookmark\" title=\"Enlace permanente: WaaSA: una nueva oferta de ciberseguridad soberana que permite gestionar de forma sencilla el acceso de terceros en las empresas\">WaaSA: una nueva oferta de ciberseguridad soberana que permite gestionar de forma sencilla el acceso de terceros en las empresas<span class=\"post-format-icon minor-meta\"><\/span><\/a><\/h2><span class=\"post-meta-infos\"><time class=\"date-container minor-meta updated\"  itemprop=\"datePublished\" datetime=\"2023-05-25T16:04:14+01:00\" >25 de mayo de 2023<\/time><span class=\"text-sep\">\/<\/span><span class=\"blog-categories minor-meta\">en <a href=\"https:\/\/www.wallix.com\/es\/category\/prensa\/2023-es\/\" rel=\"tag\">2023<\/a><\/span><span class=\"text-sep\">\/<\/span><span class=\"blog-author minor-meta\">por <span class=\"entry-author-link\"  itemprop=\"author\" ><span class=\"author\"><span class=\"fn\"><a href=\"https:\/\/www.wallix.com\/es\/author\/alex\/\" title=\"Entradas de WALLIX\" rel=\"author\">WALLIX<\/a><\/span><\/span><\/span><\/span><div class=\"read-more-link\"><a href=\"https:\/\/www.wallix.com\/es\/prensa\/2023-es\/waasa-una-nueva-oferta-de-ciberseguridad-soberana-que-permite-gestionar-de-forma-sencilla-el-acceso-de-terceros-en-las-empresas\/\" class=\"more-link\">Leer m\u00e1s<span class='more-link-arrow avia-svg-icon avia-font-svg_entypo-fontello' data-av_svg_icon='right-open-big' data-av_iconset='svg_entypo-fontello'><svg version=\"1.1\" xmlns=\"http:\/\/www.w3.org\/2000\/svg\" width=\"15\" height=\"32\" viewBox=\"0 0 15 32\" preserveAspectRatio=\"xMidYMid meet\" role=\"graphics-symbol\" aria-hidden=\"true\">\n<path d=\"M0.416 27.84l11.456-11.84-11.456-11.904q-0.832-0.832 0-1.536 0.832-0.832 1.536 0l12.544 12.608q0.768 0.832 0 1.6l-12.544 12.608q-0.704 0.832-1.536 0-0.832-0.704 0-1.536z\"><\/path>\n<\/svg><\/span><\/a><\/div><\/span><\/header><footer class=\"entry-footer\"><\/footer><div class='post_delimiter'><\/div><\/div><div class=\"post_author_timeline\"><\/div><span class='hidden'>\n\t\t\t\t<span class='av-structured-data'  itemprop=\"image\" itemscope=\"itemscope\" itemtype=\"https:\/\/schema.org\/ImageObject\" >\n\t\t\t\t\t\t<span itemprop='url'>https:\/\/www.wallix.com\/wp-content\/uploads\/2023\/06\/wallx_2023_OK062023_blanc_OK.svg<\/span>\n\t\t\t\t\t\t<span itemprop='height'>0<\/span>\n\t\t\t\t\t\t<span itemprop='width'>0<\/span>\n\t\t\t\t<\/span>\n\t\t\t\t<span class='av-structured-data'  itemprop=\"publisher\" itemtype=\"https:\/\/schema.org\/Organization\" itemscope=\"itemscope\" >\n\t\t\t\t\t\t<span itemprop='name'>WALLIX<\/span>\n\t\t\t\t\t\t<span itemprop='logo' itemscope itemtype='https:\/\/schema.org\/ImageObject'>\n\t\t\t\t\t\t\t<span itemprop='url'>https:\/\/www.wallix.com\/wp-content\/uploads\/2023\/06\/wallx_2023_OK062023_blanc_OK.svg<\/span>\n\t\t\t\t\t\t<\/span>\n\t\t\t\t<\/span><span class='av-structured-data'  itemprop=\"author\" itemscope=\"itemscope\" itemtype=\"https:\/\/schema.org\/Person\" ><span itemprop='name'>WALLIX<\/span><\/span><span class='av-structured-data'  itemprop=\"datePublished\" datetime=\"2023-05-25T16:04:14+01:00\" >2023-05-25 16:04:14<\/span><span class='av-structured-data'  itemprop=\"dateModified\" itemtype=\"https:\/\/schema.org\/dateModified\" >2025-07-03 11:38:25<\/span><span class='av-structured-data'  itemprop=\"mainEntityOfPage\" itemtype=\"https:\/\/schema.org\/mainEntityOfPage\" ><span itemprop='name'>WaaSA: una nueva oferta de ciberseguridad soberana que permite gestionar de forma sencilla el acceso de terceros en las empresas<\/span><\/span><\/span><\/article><div class='bloglist-simple'><nav class='pagination'><span class='pagination-meta'>P\u00e1gina 1 de 2<\/span><span class='current'>1<\/span><a href='https:\/\/www.wallix.com\/es\/wp-json\/wp\/v2\/pages\/41534\/page\/2\/' class='inactive next_page' >2<\/a><\/nav>\n<\/div><\/div><br \/>\n\n<style type=\"text\/css\" data-created_by=\"avia_inline_auto\" id=\"style-css-av-p2uc38-90747c2ea5c96196bf1cf28a44e4db35\">\n#top .av-special-heading.av-p2uc38-90747c2ea5c96196bf1cf28a44e4db35{\npadding-bottom:10px;\n}\nbody .av-special-heading.av-p2uc38-90747c2ea5c96196bf1cf28a44e4db35 .av-special-heading-tag .heading-char{\nfont-size:25px;\n}\n.av-special-heading.av-p2uc38-90747c2ea5c96196bf1cf28a44e4db35 .av-subheading{\nfont-size:15px;\n}\n<\/style>\n<div  class='av-special-heading av-p2uc38-90747c2ea5c96196bf1cf28a44e4db35 av-special-heading-h2 blockquote modern-quote'><h2 class='av-special-heading-tag '  itemprop=\"headline\"  >2022<\/h2><div class=\"special-heading-border\"><div class=\"special-heading-inner-border\"><\/div><\/div><\/div><br \/>\n<div  class='av-alb-blogposts template-blog  '  itemscope=\"itemscope\" itemtype=\"https:\/\/schema.org\/Blog\" ><article class=\"post-entry post-entry-type-standard post-entry-56868 post-loop-17 post-parity-odd bloglist-simple with-slider post-56868 post type-post status-publish format-standard has-post-thumbnail hentry category-2022-es category-ot-2022-es category-ot-prensa category-prensa\"  itemscope=\"itemscope\" itemtype=\"https:\/\/schema.org\/BlogPosting\" ><div class=\"blog-meta\"><\/div><div class='entry-content-wrapper clearfix standard-content'><header class=\"entry-content-header\" aria-label=\"Post: WALLIX y NOZOMI NETWORKS firman una alianza tecnol\u00f3gica para reforzar la ciberseguridad de la industria\"><h2 class='post-title entry-title '  itemprop=\"headline\" ><a href=\"https:\/\/www.wallix.com\/es\/prensa\/2022-es\/wallix-y-nozomi-networks-firman-una-alianza-tecnologica-para-reforzar-la-ciberseguridad-de-la-industria\/\" rel=\"bookmark\" title=\"Enlace permanente: WALLIX y NOZOMI NETWORKS firman una alianza tecnol\u00f3gica para reforzar la ciberseguridad de la industria\">WALLIX y NOZOMI NETWORKS firman una alianza tecnol\u00f3gica para reforzar la ciberseguridad de la industria<span class=\"post-format-icon minor-meta\"><\/span><\/a><\/h2><span class=\"post-meta-infos\"><time class=\"date-container minor-meta updated\"  itemprop=\"datePublished\" datetime=\"2024-04-17T14:06:29+01:00\" >17 de abril de 2024<\/time><span class=\"text-sep\">\/<\/span><span class=\"blog-categories minor-meta\">en <a href=\"https:\/\/www.wallix.com\/es\/category\/prensa\/2022-es\/\" rel=\"tag\">2022<\/a>, <a href=\"https:\/\/www.wallix.com\/es\/category\/ot-2022-es\/\" rel=\"tag\">OT 2022<\/a>, <a href=\"https:\/\/www.wallix.com\/es\/category\/prensa\/ot-prensa\/\" rel=\"tag\">OT PRENSA<\/a>, <a href=\"https:\/\/www.wallix.com\/es\/category\/prensa\/\" rel=\"tag\">PRENSA<\/a><\/span><span class=\"text-sep\">\/<\/span><span class=\"blog-author minor-meta\">por <span class=\"entry-author-link\"  itemprop=\"author\" ><span class=\"author\"><span class=\"fn\"><a href=\"https:\/\/www.wallix.com\/es\/author\/alex\/\" title=\"Entradas de WALLIX\" rel=\"author\">WALLIX<\/a><\/span><\/span><\/span><\/span><div class=\"read-more-link\"><a href=\"https:\/\/www.wallix.com\/es\/prensa\/2022-es\/wallix-y-nozomi-networks-firman-una-alianza-tecnologica-para-reforzar-la-ciberseguridad-de-la-industria\/\" class=\"more-link\">Leer m\u00e1s<span class='more-link-arrow avia-svg-icon avia-font-svg_entypo-fontello' data-av_svg_icon='right-open-big' data-av_iconset='svg_entypo-fontello'><svg version=\"1.1\" xmlns=\"http:\/\/www.w3.org\/2000\/svg\" width=\"15\" height=\"32\" viewBox=\"0 0 15 32\" preserveAspectRatio=\"xMidYMid meet\" role=\"graphics-symbol\" aria-hidden=\"true\">\n<path d=\"M0.416 27.84l11.456-11.84-11.456-11.904q-0.832-0.832 0-1.536 0.832-0.832 1.536 0l12.544 12.608q0.768 0.832 0 1.6l-12.544 12.608q-0.704 0.832-1.536 0-0.832-0.704 0-1.536z\"><\/path>\n<\/svg><\/span><\/a><\/div><\/span><\/header><footer class=\"entry-footer\"><\/footer><div class='post_delimiter'><\/div><\/div><div class=\"post_author_timeline\"><\/div><span class='hidden'>\n\t\t\t\t<span class='av-structured-data'  itemprop=\"image\" itemscope=\"itemscope\" itemtype=\"https:\/\/schema.org\/ImageObject\" >\n\t\t\t\t\t\t<span itemprop='url'>https:\/\/www.wallix.com\/wp-content\/uploads\/2022\/12\/AdobeStock_429258682-copie-scaled.jpg<\/span>\n\t\t\t\t\t\t<span itemprop='height'>1097<\/span>\n\t\t\t\t\t\t<span itemprop='width'>2560<\/span>\n\t\t\t\t<\/span>\n\t\t\t\t<span class='av-structured-data'  itemprop=\"publisher\" itemtype=\"https:\/\/schema.org\/Organization\" itemscope=\"itemscope\" >\n\t\t\t\t\t\t<span itemprop='name'>WALLIX<\/span>\n\t\t\t\t\t\t<span itemprop='logo' itemscope itemtype='https:\/\/schema.org\/ImageObject'>\n\t\t\t\t\t\t\t<span itemprop='url'>https:\/\/www.wallix.com\/wp-content\/uploads\/2023\/06\/wallx_2023_OK062023_blanc_OK.svg<\/span>\n\t\t\t\t\t\t<\/span>\n\t\t\t\t<\/span><span class='av-structured-data'  itemprop=\"author\" itemscope=\"itemscope\" itemtype=\"https:\/\/schema.org\/Person\" ><span itemprop='name'>WALLIX<\/span><\/span><span class='av-structured-data'  itemprop=\"datePublished\" datetime=\"2024-04-17T14:06:29+01:00\" >2024-04-17 14:06:29<\/span><span class='av-structured-data'  itemprop=\"dateModified\" itemtype=\"https:\/\/schema.org\/dateModified\" >2025-07-03 11:26:52<\/span><span class='av-structured-data'  itemprop=\"mainEntityOfPage\" itemtype=\"https:\/\/schema.org\/mainEntityOfPage\" ><span itemprop='name'>WALLIX y NOZOMI NETWORKS firman una alianza tecnol\u00f3gica para reforzar la ciberseguridad de la industria<\/span><\/span><\/span><\/article><article class=\"post-entry post-entry-type-standard post-entry-56856 post-loop-18 post-parity-even bloglist-simple with-slider post-56856 post type-post status-publish format-standard has-post-thumbnail hentry category-2022-es category-ot-2022-es category-ot-prensa\"  itemscope=\"itemscope\" itemtype=\"https:\/\/schema.org\/BlogPosting\" ><div class=\"blog-meta\"><\/div><div class='entry-content-wrapper clearfix standard-content'><header class=\"entry-content-header\" aria-label=\"Post: WALLIX Y Axians France Firman una Asociaci\u00f3n para Reforzar la Oferta de Ciberseguridad en el Sector Industrial\"><h2 class='post-title entry-title '  itemprop=\"headline\" ><a href=\"https:\/\/www.wallix.com\/es\/prensa\/2022-es\/wallix-y-axians-france-firman-una-asociacion-para-reforzar-la-oferta-de-ciberseguridad-en-el-sector-industrial\/\" rel=\"bookmark\" title=\"Enlace permanente: WALLIX Y Axians France Firman una Asociaci\u00f3n para Reforzar la Oferta de Ciberseguridad en el Sector Industrial\">WALLIX Y Axians France Firman una Asociaci\u00f3n para Reforzar la Oferta de Ciberseguridad en el Sector Industrial<span class=\"post-format-icon minor-meta\"><\/span><\/a><\/h2><span class=\"post-meta-infos\"><time class=\"date-container minor-meta updated\"  itemprop=\"datePublished\" datetime=\"2024-04-17T14:04:49+01:00\" >17 de abril de 2024<\/time><span class=\"text-sep\">\/<\/span><span class=\"blog-categories minor-meta\">en <a href=\"https:\/\/www.wallix.com\/es\/category\/prensa\/2022-es\/\" rel=\"tag\">2022<\/a>, <a href=\"https:\/\/www.wallix.com\/es\/category\/ot-2022-es\/\" rel=\"tag\">OT 2022<\/a>, <a href=\"https:\/\/www.wallix.com\/es\/category\/prensa\/ot-prensa\/\" rel=\"tag\">OT PRENSA<\/a><\/span><span class=\"text-sep\">\/<\/span><span class=\"blog-author minor-meta\">por <span class=\"entry-author-link\"  itemprop=\"author\" ><span class=\"author\"><span class=\"fn\"><a href=\"https:\/\/www.wallix.com\/es\/author\/alex\/\" title=\"Entradas de WALLIX\" rel=\"author\">WALLIX<\/a><\/span><\/span><\/span><\/span><div class=\"read-more-link\"><a href=\"https:\/\/www.wallix.com\/es\/prensa\/2022-es\/wallix-y-axians-france-firman-una-asociacion-para-reforzar-la-oferta-de-ciberseguridad-en-el-sector-industrial\/\" class=\"more-link\">Leer m\u00e1s<span class='more-link-arrow avia-svg-icon avia-font-svg_entypo-fontello' data-av_svg_icon='right-open-big' data-av_iconset='svg_entypo-fontello'><svg version=\"1.1\" xmlns=\"http:\/\/www.w3.org\/2000\/svg\" width=\"15\" height=\"32\" viewBox=\"0 0 15 32\" preserveAspectRatio=\"xMidYMid meet\" role=\"graphics-symbol\" aria-hidden=\"true\">\n<path d=\"M0.416 27.84l11.456-11.84-11.456-11.904q-0.832-0.832 0-1.536 0.832-0.832 1.536 0l12.544 12.608q0.768 0.832 0 1.6l-12.544 12.608q-0.704 0.832-1.536 0-0.832-0.704 0-1.536z\"><\/path>\n<\/svg><\/span><\/a><\/div><\/span><\/header><footer class=\"entry-footer\"><\/footer><div class='post_delimiter'><\/div><\/div><div class=\"post_author_timeline\"><\/div><span class='hidden'>\n\t\t\t\t<span class='av-structured-data'  itemprop=\"image\" itemscope=\"itemscope\" itemtype=\"https:\/\/schema.org\/ImageObject\" >\n\t\t\t\t\t\t<span itemprop='url'>https:\/\/www.wallix.com\/wp-content\/uploads\/2022\/12\/AdobeStock_429258682-copie-scaled.jpg<\/span>\n\t\t\t\t\t\t<span itemprop='height'>1097<\/span>\n\t\t\t\t\t\t<span itemprop='width'>2560<\/span>\n\t\t\t\t<\/span>\n\t\t\t\t<span class='av-structured-data'  itemprop=\"publisher\" itemtype=\"https:\/\/schema.org\/Organization\" itemscope=\"itemscope\" >\n\t\t\t\t\t\t<span itemprop='name'>WALLIX<\/span>\n\t\t\t\t\t\t<span itemprop='logo' itemscope itemtype='https:\/\/schema.org\/ImageObject'>\n\t\t\t\t\t\t\t<span itemprop='url'>https:\/\/www.wallix.com\/wp-content\/uploads\/2023\/06\/wallx_2023_OK062023_blanc_OK.svg<\/span>\n\t\t\t\t\t\t<\/span>\n\t\t\t\t<\/span><span class='av-structured-data'  itemprop=\"author\" itemscope=\"itemscope\" itemtype=\"https:\/\/schema.org\/Person\" ><span itemprop='name'>WALLIX<\/span><\/span><span class='av-structured-data'  itemprop=\"datePublished\" datetime=\"2024-04-17T14:04:49+01:00\" >2024-04-17 14:04:49<\/span><span class='av-structured-data'  itemprop=\"dateModified\" itemtype=\"https:\/\/schema.org\/dateModified\" >2025-11-19 11:36:01<\/span><span class='av-structured-data'  itemprop=\"mainEntityOfPage\" itemtype=\"https:\/\/schema.org\/mainEntityOfPage\" ><span itemprop='name'>WALLIX Y Axians France Firman una Asociaci\u00f3n para Reforzar la Oferta de Ciberseguridad en el Sector Industrial<\/span><\/span><\/span><\/article><article class=\"post-entry post-entry-type-standard post-entry-26645 post-loop-19 post-parity-odd bloglist-simple with-slider post-26645 post type-post status-publish format-standard has-post-thumbnail hentry category-2022-es category-prensa\"  itemscope=\"itemscope\" itemtype=\"https:\/\/schema.org\/BlogPosting\" ><div class=\"blog-meta\"><\/div><div class='entry-content-wrapper clearfix standard-content'><header class=\"entry-content-header\" aria-label=\"Post: WALLIX se une a la OPEN XDR PLATFORM para ampliarla a la seguridad de los accesos e identidades digitales\"><h2 class='post-title entry-title '  itemprop=\"headline\" ><a href=\"https:\/\/www.wallix.com\/es\/prensa\/wallix-une-open-xdr-para-ampliarla-seguridad-accesos\/\" rel=\"bookmark\" title=\"Enlace permanente: WALLIX se une a la OPEN XDR PLATFORM para ampliarla a la seguridad de los accesos e identidades digitales\">WALLIX se une a la OPEN XDR PLATFORM para ampliarla a la seguridad de los accesos e identidades digitales<span class=\"post-format-icon minor-meta\"><\/span><\/a><\/h2><span class=\"post-meta-infos\"><time class=\"date-container minor-meta updated\"  itemprop=\"datePublished\" datetime=\"2022-09-06T08:30:42+01:00\" >6 de septiembre de 2022<\/time><span class=\"text-sep\">\/<\/span><span class=\"blog-categories minor-meta\">en <a href=\"https:\/\/www.wallix.com\/es\/category\/prensa\/2022-es\/\" rel=\"tag\">2022<\/a>, <a href=\"https:\/\/www.wallix.com\/es\/category\/prensa\/\" rel=\"tag\">PRENSA<\/a><\/span><span class=\"text-sep\">\/<\/span><span class=\"blog-author minor-meta\">por <span class=\"entry-author-link\"  itemprop=\"author\" ><span class=\"author\"><span class=\"fn\"><a href=\"https:\/\/www.wallix.com\/es\/author\/77009078\/\" title=\"Entradas de WALLIX\" rel=\"author\">WALLIX<\/a><\/span><\/span><\/span><\/span><div class=\"read-more-link\"><a href=\"https:\/\/www.wallix.com\/es\/prensa\/wallix-une-open-xdr-para-ampliarla-seguridad-accesos\/\" class=\"more-link\">Leer m\u00e1s<span class='more-link-arrow avia-svg-icon avia-font-svg_entypo-fontello' data-av_svg_icon='right-open-big' data-av_iconset='svg_entypo-fontello'><svg version=\"1.1\" xmlns=\"http:\/\/www.w3.org\/2000\/svg\" width=\"15\" height=\"32\" viewBox=\"0 0 15 32\" preserveAspectRatio=\"xMidYMid meet\" role=\"graphics-symbol\" aria-hidden=\"true\">\n<path d=\"M0.416 27.84l11.456-11.84-11.456-11.904q-0.832-0.832 0-1.536 0.832-0.832 1.536 0l12.544 12.608q0.768 0.832 0 1.6l-12.544 12.608q-0.704 0.832-1.536 0-0.832-0.704 0-1.536z\"><\/path>\n<\/svg><\/span><\/a><\/div><\/span><\/header><footer class=\"entry-footer\"><\/footer><div class='post_delimiter'><\/div><\/div><div class=\"post_author_timeline\"><\/div><span class='hidden'>\n\t\t\t\t<span class='av-structured-data'  itemprop=\"image\" itemscope=\"itemscope\" itemtype=\"https:\/\/schema.org\/ImageObject\" >\n\t\t\t\t\t\t<span itemprop='url'>https:\/\/www.wallix.com\/wp-content\/uploads\/2022\/09\/AS_Marseille-1.jpg<\/span>\n\t\t\t\t\t\t<span itemprop='height'>720<\/span>\n\t\t\t\t\t\t<span itemprop='width'>1280<\/span>\n\t\t\t\t<\/span>\n\t\t\t\t<span class='av-structured-data'  itemprop=\"publisher\" itemtype=\"https:\/\/schema.org\/Organization\" itemscope=\"itemscope\" >\n\t\t\t\t\t\t<span itemprop='name'>WALLIX<\/span>\n\t\t\t\t\t\t<span itemprop='logo' itemscope itemtype='https:\/\/schema.org\/ImageObject'>\n\t\t\t\t\t\t\t<span itemprop='url'>https:\/\/www.wallix.com\/wp-content\/uploads\/2023\/06\/wallx_2023_OK062023_blanc_OK.svg<\/span>\n\t\t\t\t\t\t<\/span>\n\t\t\t\t<\/span><span class='av-structured-data'  itemprop=\"author\" itemscope=\"itemscope\" itemtype=\"https:\/\/schema.org\/Person\" ><span itemprop='name'>WALLIX<\/span><\/span><span class='av-structured-data'  itemprop=\"datePublished\" datetime=\"2022-09-06T08:30:42+01:00\" >2022-09-06 08:30:42<\/span><span class='av-structured-data'  itemprop=\"dateModified\" itemtype=\"https:\/\/schema.org\/dateModified\" >2025-11-18 15:12:47<\/span><span class='av-structured-data'  itemprop=\"mainEntityOfPage\" itemtype=\"https:\/\/schema.org\/mainEntityOfPage\" ><span itemprop='name'>WALLIX se une a la OPEN XDR PLATFORM para ampliarla a la seguridad de los accesos e identidades digitales<\/span><\/span><\/span><\/article><div class='bloglist-simple'><\/div><\/div><\/p><\/div>\n<style type=\"text\/css\" data-created_by=\"avia_inline_auto\" id=\"style-css-av-v76v2s-767d628c13d65482e253d4eb36f4f6f1\">\n.flex_column.av-v76v2s-767d628c13d65482e253d4eb36f4f6f1{\nborder-width:1px;\nborder-color:#b7b7b7;\nborder-style:solid;\npadding:50px 50px 50px 50px;\n}\n<\/style>\n<div  class='flex_column av-v76v2s-767d628c13d65482e253d4eb36f4f6f1 av_one_third flex_column_div  '     ><p><div  class='avia_search_element av-lqnzvxy5-4097ba22051a419cebcd5770cd09cf30'><search><form action='https:\/\/www.wallix.com\/es\/' id='searchform_element' method='get' class='' data-element_id='av-lqnzvxy5-4097ba22051a419cebcd5770cd09cf30' ><div class='av_searchform_wrapper'><input type='search' value='' id='s' name='s' placeholder='Search News' aria-label='Search News' class='av-input-field ' required \/><div class='av_searchsubmit_wrapper '><input type='submit' value='Find' id='searchsubmit' class='button ' title='View results on search page' aria-label='View results on search page' \/><\/div><input type='hidden' name='numberposts' value='5' \/><input type='hidden' name='post_type' value='post' \/><input type='hidden' name='results_hide_fields' value='' \/><\/div><\/form><\/search><\/div><br \/>\n\n<style type=\"text\/css\" data-created_by=\"avia_inline_auto\" id=\"style-css-av-tquv04-16aa3c2128cfc9b39c1717d88fed0bfb\">\n#top .hr.hr-invisible.av-tquv04-16aa3c2128cfc9b39c1717d88fed0bfb{\nheight:50px;\n}\n<\/style>\n<div  class='hr av-tquv04-16aa3c2128cfc9b39c1717d88fed0bfb hr-invisible'><span class='hr-inner '><span class=\"hr-inner-style\"><\/span><\/span><\/div><br \/>\n\n<style type=\"text\/css\" data-created_by=\"avia_inline_auto\" id=\"style-css-av-w6fq38-dc1031c8ed0d1d5b41c4ed3f85e947bb\">\n#top .av_textblock_section.av-w6fq38-dc1031c8ed0d1d5b41c4ed3f85e947bb .avia_textblock{\nfont-size:18px;\ncolor:#000000;\n}\n<\/style>\n<section  class='av_textblock_section av-w6fq38-dc1031c8ed0d1d5b41c4ed3f85e947bb '   itemscope=\"itemscope\" itemtype=\"https:\/\/schema.org\/BlogPosting\" itemprop=\"blogPost\" ><div class='avia_textblock av_inherit_color'  itemprop=\"text\" ><p><span style=\"color: #ff6600;\"><strong>CONTACTO DE PRENSA WALLIX<\/strong><\/span><\/p>\n<p><strong>COMMUNICATION TEAM<\/strong><br \/>\n<a href=\"mailto:info@wallix.com\">info@wallix.com<\/a><\/p>\n<p style=\"text-align: center;\">&#8212;&#8212;&#8212;<\/p>\n<p><span style=\"color: #ff6600;\"><strong>COMUNICACI\u00d3N FINANCIERA<\/strong><\/span><\/p>\n<p><strong>ACTUS Finanzas y Comunicaci\u00f3n<\/strong><\/p>\n<p><strong>Relaciones con los inversores<br \/>\n<\/strong>H\u00e9l\u00e8ne DE WATTEVILLE<br \/>\n+33 1 53 67 36 33<br \/>\n<span style=\"color: #ff6600;\">WALLIX@actus.fr<\/span><\/p>\n<p><span style=\"color: #000000;\"><br \/>\n<strong>Relaciones Prensa<\/strong><\/span><\/p>\n<p>Anne-Charlotte Dudicourt<br \/>\n+33 6 24 03 26 52<br \/>\n<span style=\"color: #ff6600;\">acdudicourt@actus.fr<\/span><\/p>\n<\/div><\/section><br \/>\n\n<style type=\"text\/css\" data-created_by=\"avia_inline_auto\" id=\"style-css-av-lqnzy2tf-b01dd415f36f17b2f1ab050d5ab1f5d2\">\n#top .hr.hr-invisible.av-lqnzy2tf-b01dd415f36f17b2f1ab050d5ab1f5d2{\nheight:50px;\n}\n<\/style>\n<div  class='hr av-lqnzy2tf-b01dd415f36f17b2f1ab050d5ab1f5d2 hr-invisible'><span class='hr-inner '><span class=\"hr-inner-style\"><\/span><\/span><\/div><br \/>\n\n<style type=\"text\/css\" data-created_by=\"avia_inline_auto\" id=\"style-css-av-lqp28g3w-05307bfa68a9841c371db729e6db31a0\">\n#top .av_textblock_section.av-lqp28g3w-05307bfa68a9841c371db729e6db31a0 .avia_textblock{\nfont-size:18px;\ncolor:#000000;\n}\n<\/style>\n<section  class='av_textblock_section av-lqp28g3w-05307bfa68a9841c371db729e6db31a0 '   itemscope=\"itemscope\" itemtype=\"https:\/\/schema.org\/BlogPosting\" itemprop=\"blogPost\" ><div class='avia_textblock av_inherit_color'  itemprop=\"text\" ><p><span style=\"color: #000000;\"><strong>S\u00cdGUENOS<\/strong><\/span><\/p>\n<p><a href=\"https:\/\/fr.linkedin.com\/company\/wallix\" target=\"_blank\" rel=\"noopener\"><img loading=\"lazy\" decoding=\"async\" class=\"alignnone wp-image-38813\" src=\"https:\/\/www.wallix.com\/wp-content\/uploads\/2023\/12\/icon_linkedin_gray-300x300.jpg\" alt=\"\" width=\"98\" height=\"102\" \/><\/a><\/p>\n<\/div><\/section><\/p><\/div><\/p>\n","protected":false},"excerpt":{"rendered":"","protected":false},"author":3,"featured_media":0,"parent":41849,"menu_order":0,"comment_status":"closed","ping_status":"closed","template":"","meta":{"_acf_changed":false,"content-type":"","inline_featured_image":false,"footnotes":""},"class_list":["post-41534","page","type-page","status-publish","hentry"],"acf":[],"yoast_head":"<!-- This site is optimized with the Yoast SEO plugin v27.3 - https:\/\/yoast.com\/product\/yoast-seo-wordpress\/ -->\n<title>Redacci\u00f3n - WALLIX<\/title>\n<meta name=\"description\" content=\"Visita la sala de prensa WALLIX para los \u00faltimos comunicados, noticias de la empresa y novedades en ciberseguridad.\" \/>\n<meta name=\"robots\" content=\"index, follow, max-snippet:-1, max-image-preview:large, max-video-preview:-1\" \/>\n<link rel=\"canonical\" href=\"https:\/\/www.wallix.com\/es\/empresa\/redaccion\/\" \/>\n<meta property=\"og:locale\" content=\"es_ES\" \/>\n<meta property=\"og:type\" content=\"article\" \/>\n<meta property=\"og:title\" content=\"Redacci\u00f3n - WALLIX\" \/>\n<meta property=\"og:description\" content=\"Visita la sala de prensa WALLIX para los \u00faltimos comunicados, noticias de la empresa y novedades en ciberseguridad.\" \/>\n<meta property=\"og:url\" content=\"https:\/\/www.wallix.com\/es\/empresa\/redaccion\/\" \/>\n<meta property=\"og:site_name\" content=\"WALLIX\" \/>\n<meta property=\"article:modified_time\" content=\"2026-01-07T15:40:38+00:00\" \/>\n<meta property=\"og:image\" content=\"https:\/\/www.wallix.com\/wp-content\/uploads\/2023\/12\/icon_linkedin_gray.jpg\" \/>\n\t<meta property=\"og:image:width\" content=\"640\" \/>\n\t<meta property=\"og:image:height\" content=\"640\" \/>\n\t<meta property=\"og:image:type\" content=\"image\/jpeg\" \/>\n<meta name=\"twitter:card\" content=\"summary_large_image\" \/>\n<meta name=\"twitter:site\" content=\"@wallixcom\" \/>\n<meta name=\"twitter:label1\" content=\"Tiempo de lectura\" \/>\n\t<meta name=\"twitter:data1\" content=\"6 minutos\" \/>\n<script type=\"application\/ld+json\" class=\"yoast-schema-graph\">{\"@context\":\"https:\\\/\\\/schema.org\",\"@graph\":[{\"@type\":\"WebPage\",\"@id\":\"https:\\\/\\\/www.wallix.com\\\/es\\\/empresa\\\/redaccion\\\/\",\"url\":\"https:\\\/\\\/www.wallix.com\\\/es\\\/empresa\\\/redaccion\\\/\",\"name\":\"Redacci\u00f3n - WALLIX\",\"isPartOf\":{\"@id\":\"https:\\\/\\\/www.wallix.com\\\/es\\\/#website\"},\"primaryImageOfPage\":{\"@id\":\"https:\\\/\\\/www.wallix.com\\\/es\\\/empresa\\\/redaccion\\\/#primaryimage\"},\"image\":{\"@id\":\"https:\\\/\\\/www.wallix.com\\\/es\\\/empresa\\\/redaccion\\\/#primaryimage\"},\"thumbnailUrl\":\"https:\\\/\\\/www.wallix.com\\\/wp-content\\\/uploads\\\/2023\\\/12\\\/icon_linkedin_gray-300x300.jpg\",\"datePublished\":\"2024-01-23T13:18:15+00:00\",\"dateModified\":\"2026-01-07T15:40:38+00:00\",\"description\":\"Visita la sala de prensa WALLIX para los \u00faltimos comunicados, noticias de la empresa y novedades en ciberseguridad.\",\"breadcrumb\":{\"@id\":\"https:\\\/\\\/www.wallix.com\\\/es\\\/empresa\\\/redaccion\\\/#breadcrumb\"},\"inLanguage\":\"es\",\"potentialAction\":[{\"@type\":\"ReadAction\",\"target\":[\"https:\\\/\\\/www.wallix.com\\\/es\\\/empresa\\\/redaccion\\\/\"]}]},{\"@type\":\"ImageObject\",\"inLanguage\":\"es\",\"@id\":\"https:\\\/\\\/www.wallix.com\\\/es\\\/empresa\\\/redaccion\\\/#primaryimage\",\"url\":\"https:\\\/\\\/www.wallix.com\\\/wp-content\\\/uploads\\\/2023\\\/12\\\/icon_linkedin_gray-300x300.jpg\",\"contentUrl\":\"https:\\\/\\\/www.wallix.com\\\/wp-content\\\/uploads\\\/2023\\\/12\\\/icon_linkedin_gray-300x300.jpg\"},{\"@type\":\"BreadcrumbList\",\"@id\":\"https:\\\/\\\/www.wallix.com\\\/es\\\/empresa\\\/redaccion\\\/#breadcrumb\",\"itemListElement\":[{\"@type\":\"ListItem\",\"position\":1,\"name\":\"EMPRESA\",\"item\":\"https:\\\/\\\/www.wallix.com\\\/es\\\/empresa\\\/\"},{\"@type\":\"ListItem\",\"position\":2,\"name\":\"Redacci\u00f3n\"}]},{\"@type\":\"WebSite\",\"@id\":\"https:\\\/\\\/www.wallix.com\\\/es\\\/#website\",\"url\":\"https:\\\/\\\/www.wallix.com\\\/es\\\/\",\"name\":\"WALLIX\",\"description\":\"CYBERSECURITY SIMPLIFIED\",\"publisher\":{\"@id\":\"https:\\\/\\\/www.wallix.com\\\/es\\\/#organization\"},\"potentialAction\":[{\"@type\":\"SearchAction\",\"target\":{\"@type\":\"EntryPoint\",\"urlTemplate\":\"https:\\\/\\\/www.wallix.com\\\/es\\\/?s={search_term_string}\"},\"query-input\":{\"@type\":\"PropertyValueSpecification\",\"valueRequired\":true,\"valueName\":\"search_term_string\"}}],\"inLanguage\":\"es\"},{\"@type\":\"Organization\",\"@id\":\"https:\\\/\\\/www.wallix.com\\\/es\\\/#organization\",\"name\":\"WALLIX\",\"url\":\"https:\\\/\\\/www.wallix.com\\\/es\\\/\",\"logo\":{\"@type\":\"ImageObject\",\"inLanguage\":\"es\",\"@id\":\"https:\\\/\\\/www.wallix.com\\\/es\\\/#\\\/schema\\\/logo\\\/image\\\/\",\"url\":\"https:\\\/\\\/www.wallix.com\\\/wp-content\\\/uploads\\\/2024\\\/03\\\/LOGO_WALLIX_2024_blackorange.png\",\"contentUrl\":\"https:\\\/\\\/www.wallix.com\\\/wp-content\\\/uploads\\\/2024\\\/03\\\/LOGO_WALLIX_2024_blackorange.png\",\"width\":3108,\"height\":827,\"caption\":\"WALLIX\"},\"image\":{\"@id\":\"https:\\\/\\\/www.wallix.com\\\/es\\\/#\\\/schema\\\/logo\\\/image\\\/\"},\"sameAs\":[\"https:\\\/\\\/x.com\\\/wallixcom\",\"https:\\\/\\\/www.linkedin.com\\\/company\\\/wallix\\\/\",\"https:\\\/\\\/www.youtube.com\\\/wallix\"]}]}<\/script>\n<!-- \/ Yoast SEO plugin. -->","yoast_head_json":{"title":"Redacci\u00f3n - WALLIX","description":"Visita la sala de prensa WALLIX para los \u00faltimos comunicados, noticias de la empresa y novedades en ciberseguridad.","robots":{"index":"index","follow":"follow","max-snippet":"max-snippet:-1","max-image-preview":"max-image-preview:large","max-video-preview":"max-video-preview:-1"},"canonical":"https:\/\/www.wallix.com\/es\/empresa\/redaccion\/","og_locale":"es_ES","og_type":"article","og_title":"Redacci\u00f3n - WALLIX","og_description":"Visita la sala de prensa WALLIX para los \u00faltimos comunicados, noticias de la empresa y novedades en ciberseguridad.","og_url":"https:\/\/www.wallix.com\/es\/empresa\/redaccion\/","og_site_name":"WALLIX","article_modified_time":"2026-01-07T15:40:38+00:00","og_image":[{"width":640,"height":640,"url":"https:\/\/www.wallix.com\/wp-content\/uploads\/2023\/12\/icon_linkedin_gray.jpg","type":"image\/jpeg"}],"twitter_card":"summary_large_image","twitter_site":"@wallixcom","twitter_misc":{"Tiempo de lectura":"6 minutos"},"schema":{"@context":"https:\/\/schema.org","@graph":[{"@type":"WebPage","@id":"https:\/\/www.wallix.com\/es\/empresa\/redaccion\/","url":"https:\/\/www.wallix.com\/es\/empresa\/redaccion\/","name":"Redacci\u00f3n - WALLIX","isPartOf":{"@id":"https:\/\/www.wallix.com\/es\/#website"},"primaryImageOfPage":{"@id":"https:\/\/www.wallix.com\/es\/empresa\/redaccion\/#primaryimage"},"image":{"@id":"https:\/\/www.wallix.com\/es\/empresa\/redaccion\/#primaryimage"},"thumbnailUrl":"https:\/\/www.wallix.com\/wp-content\/uploads\/2023\/12\/icon_linkedin_gray-300x300.jpg","datePublished":"2024-01-23T13:18:15+00:00","dateModified":"2026-01-07T15:40:38+00:00","description":"Visita la sala de prensa WALLIX para los \u00faltimos comunicados, noticias de la empresa y novedades en ciberseguridad.","breadcrumb":{"@id":"https:\/\/www.wallix.com\/es\/empresa\/redaccion\/#breadcrumb"},"inLanguage":"es","potentialAction":[{"@type":"ReadAction","target":["https:\/\/www.wallix.com\/es\/empresa\/redaccion\/"]}]},{"@type":"ImageObject","inLanguage":"es","@id":"https:\/\/www.wallix.com\/es\/empresa\/redaccion\/#primaryimage","url":"https:\/\/www.wallix.com\/wp-content\/uploads\/2023\/12\/icon_linkedin_gray-300x300.jpg","contentUrl":"https:\/\/www.wallix.com\/wp-content\/uploads\/2023\/12\/icon_linkedin_gray-300x300.jpg"},{"@type":"BreadcrumbList","@id":"https:\/\/www.wallix.com\/es\/empresa\/redaccion\/#breadcrumb","itemListElement":[{"@type":"ListItem","position":1,"name":"EMPRESA","item":"https:\/\/www.wallix.com\/es\/empresa\/"},{"@type":"ListItem","position":2,"name":"Redacci\u00f3n"}]},{"@type":"WebSite","@id":"https:\/\/www.wallix.com\/es\/#website","url":"https:\/\/www.wallix.com\/es\/","name":"WALLIX","description":"CYBERSECURITY SIMPLIFIED","publisher":{"@id":"https:\/\/www.wallix.com\/es\/#organization"},"potentialAction":[{"@type":"SearchAction","target":{"@type":"EntryPoint","urlTemplate":"https:\/\/www.wallix.com\/es\/?s={search_term_string}"},"query-input":{"@type":"PropertyValueSpecification","valueRequired":true,"valueName":"search_term_string"}}],"inLanguage":"es"},{"@type":"Organization","@id":"https:\/\/www.wallix.com\/es\/#organization","name":"WALLIX","url":"https:\/\/www.wallix.com\/es\/","logo":{"@type":"ImageObject","inLanguage":"es","@id":"https:\/\/www.wallix.com\/es\/#\/schema\/logo\/image\/","url":"https:\/\/www.wallix.com\/wp-content\/uploads\/2024\/03\/LOGO_WALLIX_2024_blackorange.png","contentUrl":"https:\/\/www.wallix.com\/wp-content\/uploads\/2024\/03\/LOGO_WALLIX_2024_blackorange.png","width":3108,"height":827,"caption":"WALLIX"},"image":{"@id":"https:\/\/www.wallix.com\/es\/#\/schema\/logo\/image\/"},"sameAs":["https:\/\/x.com\/wallixcom","https:\/\/www.linkedin.com\/company\/wallix\/","https:\/\/www.youtube.com\/wallix"]}]}},"_links":{"self":[{"href":"https:\/\/www.wallix.com\/es\/wp-json\/wp\/v2\/pages\/41534","targetHints":{"allow":["GET"]}}],"collection":[{"href":"https:\/\/www.wallix.com\/es\/wp-json\/wp\/v2\/pages"}],"about":[{"href":"https:\/\/www.wallix.com\/es\/wp-json\/wp\/v2\/types\/page"}],"author":[{"embeddable":true,"href":"https:\/\/www.wallix.com\/es\/wp-json\/wp\/v2\/users\/3"}],"replies":[{"embeddable":true,"href":"https:\/\/www.wallix.com\/es\/wp-json\/wp\/v2\/comments?post=41534"}],"version-history":[{"count":11,"href":"https:\/\/www.wallix.com\/es\/wp-json\/wp\/v2\/pages\/41534\/revisions"}],"predecessor-version":[{"id":82900,"href":"https:\/\/www.wallix.com\/es\/wp-json\/wp\/v2\/pages\/41534\/revisions\/82900"}],"up":[{"embeddable":true,"href":"https:\/\/www.wallix.com\/es\/wp-json\/wp\/v2\/pages\/41849"}],"wp:attachment":[{"href":"https:\/\/www.wallix.com\/es\/wp-json\/wp\/v2\/media?parent=41534"}],"curies":[{"name":"wp","href":"https:\/\/api.w.org\/{rel}","templated":true}]}}